{"id":727,"date":"2021-11-02T15:54:44","date_gmt":"2021-11-02T14:54:44","guid":{"rendered":"https:\/\/studiofrus.archibuzz.tech\/laura-presti\/"},"modified":"2024-07-31T18:33:19","modified_gmt":"2024-07-31T16:33:19","slug":"laura-presti","status":"publish","type":"page","link":"https:\/\/www.fruseassociati.it\/fr\/les-professionnels\/laura-presti\/","title":{"rendered":"Laura Presti"},"content":{"rendered":"\t\t<div data-elementor-type=\"wp-page\" data-elementor-id=\"727\" class=\"elementor elementor-727 elementor-449\">\n\t\t\t\t\t\t<section class=\"elementor-section elementor-top-section elementor-element elementor-element-4aba336e elementor-section-full_width elementor-section-height-min-height page-header professionisti elementor-section-height-default elementor-section-items-middle\" data-id=\"4aba336e\" data-element_type=\"section\" data-e-type=\"section\" data-settings=\"{&quot;background_background&quot;:&quot;classic&quot;}\">\n\t\t\t\t\t\t<div class=\"elementor-container elementor-column-gap-default\">\n\t\t\t\t\t<div class=\"elementor-column elementor-col-100 elementor-top-column elementor-element elementor-element-1bedebca\" data-id=\"1bedebca\" data-element_type=\"column\" data-e-type=\"column\">\n\t\t\t<div class=\"elementor-widget-wrap elementor-element-populated\">\n\t\t\t\t\t\t<section class=\"elementor-section elementor-inner-section elementor-element elementor-element-313b82ff prof-title elementor-section-boxed elementor-section-height-default elementor-section-height-default elementor-invisible\" data-id=\"313b82ff\" data-element_type=\"section\" data-e-type=\"section\" data-settings=\"{&quot;animation&quot;:&quot;fadeInLeft&quot;}\">\n\t\t\t\t\t\t<div class=\"elementor-container elementor-column-gap-default\">\n\t\t\t\t\t<div class=\"elementor-column elementor-col-100 elementor-inner-column elementor-element elementor-element-bc9886c\" data-id=\"bc9886c\" data-element_type=\"column\" data-e-type=\"column\">\n\t\t\t<div class=\"elementor-widget-wrap elementor-element-populated\">\n\t\t\t\t\t\t<div class=\"elementor-element elementor-element-18711c61 elementor-widget elementor-widget-heading\" data-id=\"18711c61\" data-element_type=\"widget\" data-e-type=\"widget\" data-widget_type=\"heading.default\">\n\t\t\t\t<div class=\"elementor-widget-container\">\n\t\t\t\t\t<h1 class=\"elementor-heading-title elementor-size-default\">Avocat Laura Presti<\/h1>\t\t\t\t<\/div>\n\t\t\t\t<\/div>\n\t\t\t\t\t<\/div>\n\t\t<\/div>\n\t\t\t\t\t<\/div>\n\t\t<\/section>\n\t\t\t\t<section class=\"elementor-section elementor-inner-section elementor-element elementor-element-6e6faa7d prof-info elementor-section-boxed elementor-section-height-default elementor-section-height-default\" data-id=\"6e6faa7d\" data-element_type=\"section\" data-e-type=\"section\">\n\t\t\t\t\t\t<div class=\"elementor-container elementor-column-gap-default\">\n\t\t\t\t\t<div class=\"elementor-column elementor-col-50 elementor-inner-column elementor-element elementor-element-38e82db0\" data-id=\"38e82db0\" data-element_type=\"column\" data-e-type=\"column\">\n\t\t\t<div class=\"elementor-widget-wrap elementor-element-populated\">\n\t\t\t\t\t\t<div class=\"elementor-element elementor-element-7c7ae95 elementor-invisible elementor-widget elementor-widget-text-editor\" data-id=\"7c7ae95\" data-element_type=\"widget\" data-e-type=\"widget\" data-settings=\"{&quot;_animation&quot;:&quot;fadeInLeft&quot;}\" data-widget_type=\"text-editor.default\">\n\t\t\t\t<div class=\"elementor-widget-container\">\n\t\t\t\t\t\t\t\t\t<p><span style=\"text-decoration: underline;\"><a href=\"mailto:laura.presti@studiolegalefrus.it\">laura.presti@studiolegalefrus.it<\/a><\/span><\/p>\n<p><a href=\"tel:00390115620257\">T\u00e9l +39 011 56 20 257<\/a><br \/>\n<a href=\"tel:00390115620257\">T\u00e9l +39 011 56 13 240<\/a><br \/>\nT\u00e9l\u00e9copie +39 011 54 63 23<\/p>\n\t\t\t\t\t\t\t\t<\/div>\n\t\t\t\t<\/div>\n\t\t\t\t\t<\/div>\n\t\t<\/div>\n\t\t\t\t<div class=\"elementor-column elementor-col-50 elementor-inner-column elementor-element elementor-element-1da4c02b\" data-id=\"1da4c02b\" data-element_type=\"column\" data-e-type=\"column\">\n\t\t\t<div class=\"elementor-widget-wrap elementor-element-populated\">\n\t\t\t\t\t\t<div class=\"elementor-element elementor-element-e41a4a2 elementor-invisible elementor-widget elementor-widget-text-editor\" data-id=\"e41a4a2\" data-element_type=\"widget\" data-e-type=\"widget\" data-settings=\"{&quot;_animation&quot;:&quot;fadeInRight&quot;}\" data-widget_type=\"text-editor.default\">\n\t\t\t\t<div class=\"elementor-widget-container\">\n\t\t\t\t\t\t\t\t\t<p><span class=\"\"><strong>FORMATION:<\/strong> <\/span><span class=\"\">Universit\u00e9 de Turin, dipl\u00f4m\u00e9e en droit<br \/>\n<\/span><strong><span class=\"\">HABILITATIONS<\/span><\/strong><span class=\"\"><strong>:<\/strong>\u00a0<\/span>avocate inscrite au barreau de Turin<br \/>\n<strong><span class=\"\">LANGUES \u00c9TRANG\u00c8RES: <\/span><\/strong>anglai<\/p>\n\t\t\t\t\t\t\t\t<\/div>\n\t\t\t\t<\/div>\n\t\t\t\t\t<\/div>\n\t\t<\/div>\n\t\t\t\t\t<\/div>\n\t\t<\/section>\n\t\t\t\t\t<\/div>\n\t\t<\/div>\n\t\t\t\t\t<\/div>\n\t\t<\/section>\n\t\t\t\t<section class=\"elementor-section elementor-top-section elementor-element elementor-element-378a00d0 elementor-section-boxed elementor-section-height-default elementor-section-height-default\" data-id=\"378a00d0\" data-element_type=\"section\" data-e-type=\"section\">\n\t\t\t\t\t\t<div class=\"elementor-container elementor-column-gap-default\">\n\t\t\t\t\t<div class=\"elementor-column elementor-col-100 elementor-top-column elementor-element elementor-element-5e31d64\" data-id=\"5e31d64\" data-element_type=\"column\" data-e-type=\"column\">\n\t\t\t<div class=\"elementor-widget-wrap elementor-element-populated\">\n\t\t\t\t\t\t<section class=\"elementor-section elementor-inner-section elementor-element elementor-element-6f0abaed elementor-section-boxed elementor-section-height-default elementor-section-height-default\" data-id=\"6f0abaed\" data-element_type=\"section\" data-e-type=\"section\">\n\t\t\t\t\t\t<div class=\"elementor-container elementor-column-gap-default\">\n\t\t\t\t\t<div class=\"elementor-column elementor-col-50 elementor-inner-column elementor-element elementor-element-6bb33d47\" data-id=\"6bb33d47\" data-element_type=\"column\" data-e-type=\"column\">\n\t\t\t<div class=\"elementor-widget-wrap elementor-element-populated\">\n\t\t\t\t\t\t<div class=\"elementor-element elementor-element-6e8b047c elementor-invisible elementor-widget elementor-widget-text-editor\" data-id=\"6e8b047c\" data-element_type=\"widget\" data-e-type=\"widget\" data-settings=\"{&quot;_animation&quot;:&quot;fadeInLeft&quot;}\" data-widget_type=\"text-editor.default\">\n\t\t\t\t<div class=\"elementor-widget-container\">\n\t\t\t\t\t\t\t\t\t<p>Laura Presti est dipl\u00f4m\u00e9e de la Facult\u00e9 de droit de l&rsquo;Universit\u00e9 de Turin avec une th\u00e8se sur le droit de la proc\u00e9dure civile.<\/p>\n<p>Elle est avocate autoris\u00e9e \u00e0 exercer devant les juridictions sup\u00e9rieures. Of Counsel du Cabinet Frus e Associati depuis le 1er juillet 2017.<\/p>\n<p>Elle a acquis son exp\u00e9rience professionnelle traitant d&rsquo;abord du droit administratif, pour ensuite faire converger son activit\u00e9 dans le domaine du droit civil et des faillites ; elle s&rsquo;occupe \u00e9galement de droit de la famille, des successions et des droits r\u00e9els.<\/p>\n\t\t\t\t\t\t\t\t<\/div>\n\t\t\t\t<\/div>\n\t\t\t\t\t<\/div>\n\t\t<\/div>\n\t\t\t\t<div class=\"elementor-column elementor-col-50 elementor-inner-column elementor-element elementor-element-56bcb186\" data-id=\"56bcb186\" data-element_type=\"column\" data-e-type=\"column\">\n\t\t\t<div class=\"elementor-widget-wrap elementor-element-populated\">\n\t\t\t\t\t\t<div class=\"elementor-element elementor-element-1389546c elementor-invisible elementor-widget elementor-widget-image\" data-id=\"1389546c\" data-element_type=\"widget\" data-e-type=\"widget\" data-settings=\"{&quot;_animation&quot;:&quot;fadeInRight&quot;}\" data-widget_type=\"image.default\">\n\t\t\t\t<div class=\"elementor-widget-container\">\n\t\t\t\t\t\t\t\t\t\t\t\t\t\t\t<img fetchpriority=\"high\" decoding=\"async\" width=\"280\" height=\"280\" src=\"https:\/\/www.fruseassociati.it\/wp-content\/uploads\/2021\/10\/ofcounsel2.webp\" class=\"attachment-large size-large wp-image-637\" alt=\"\" srcset=\"https:\/\/www.fruseassociati.it\/wp-content\/uploads\/2021\/10\/ofcounsel2.webp 280w, https:\/\/www.fruseassociati.it\/wp-content\/uploads\/2021\/10\/ofcounsel2-150x150.webp 150w\" sizes=\"(max-width: 280px) 100vw, 280px\" \/>\t\t\t\t\t\t\t\t\t\t\t\t\t\t\t<\/div>\n\t\t\t\t<\/div>\n\t\t\t\t\t<\/div>\n\t\t<\/div>\n\t\t\t\t\t<\/div>\n\t\t<\/section>\n\t\t\t\t<section class=\"elementor-section elementor-inner-section elementor-element elementor-element-6c081076 elementor-section-boxed elementor-section-height-default elementor-section-height-default elementor-invisible\" data-id=\"6c081076\" data-element_type=\"section\" data-e-type=\"section\" data-settings=\"{&quot;animation&quot;:&quot;fadeInUp&quot;}\">\n\t\t\t\t\t\t<div class=\"elementor-container elementor-column-gap-default\">\n\t\t\t\t\t<div class=\"elementor-column elementor-col-100 elementor-inner-column elementor-element elementor-element-49186601\" data-id=\"49186601\" data-element_type=\"column\" data-e-type=\"column\">\n\t\t\t<div class=\"elementor-widget-wrap elementor-element-populated\">\n\t\t\t\t\t\t<div class=\"elementor-element elementor-element-5c6fe5c3 elementor-widget elementor-widget-text-editor\" data-id=\"5c6fe5c3\" data-element_type=\"widget\" data-e-type=\"widget\" data-widget_type=\"text-editor.default\">\n\t\t\t\t<div class=\"elementor-widget-container\">\n\t\t\t\t\t\t\t\t\t<p>Elle fournit des conseils ainsi qu&rsquo;une assistance judiciaire et extrajudiciaire aux particuliers, aux organisations et aux entreprises. Dans une publication sp\u00e9cifique, elle a \u00e9galement approfondi, sur le plan th\u00e9orique, les profils administratifs et civils de la discipline du secteur de la t\u00e9l\u00e9phonie. Elle s&rsquo;int\u00e9resse \u00e9galement aux ADR et, depuis 2015, travaille comme m\u00e9diatrice. Elle est membre de l&rsquo;AIAF (Association des Avocats pour la Famille et les Mineurs).<\/p>\n\t\t\t\t\t\t\t\t<\/div>\n\t\t\t\t<\/div>\n\t\t\t\t\t<\/div>\n\t\t<\/div>\n\t\t\t\t\t<\/div>\n\t\t<\/section>\n\t\t\t\t\t<\/div>\n\t\t<\/div>\n\t\t\t\t\t<\/div>\n\t\t<\/section>\n\t\t\t\t<\/div>\n\t\t","protected":false},"excerpt":{"rendered":"<p>Avocat Laura Presti laura.presti@studiolegalefrus.it T\u00e9l +39 011 56 20 257 T\u00e9l +39 011 56 13 240 T\u00e9l\u00e9copie +39 011 54 63 23 FORMATION: Universit\u00e9 de Turin, dipl\u00f4m\u00e9e en droit HABILITATIONS:\u00a0avocate inscrite au barreau de Turin LANGUES \u00c9TRANG\u00c8RES: anglai Laura Presti est dipl\u00f4m\u00e9e de la Facult\u00e9 de droit de l&rsquo;Universit\u00e9 de Turin avec une th\u00e8se sur [&hellip;]<\/p>\n","protected":false},"author":5,"featured_media":0,"parent":731,"menu_order":0,"comment_status":"closed","ping_status":"closed","template":"fullwidth-no-container.php","meta":{"footnotes":""},"class_list":["post-727","page","type-page","status-publish","hentry"],"yoast_head":"<!-- This site is optimized with the Yoast SEO plugin v27.5 - https:\/\/yoast.com\/product\/yoast-seo-wordpress\/ -->\n<title>Laura Presti - Studio Legale Frus<\/title>\n<meta name=\"robots\" content=\"index, follow, max-snippet:-1, max-image-preview:large, max-video-preview:-1\" \/>\n<link rel=\"canonical\" href=\"https:\/\/www.fruseassociati.it\/fr\/les-professionnels\/laura-presti\/\" \/>\n<meta property=\"og:locale\" content=\"fr_FR\" \/>\n<meta property=\"og:type\" content=\"article\" \/>\n<meta property=\"og:title\" content=\"Laura Presti - Studio Legale Frus\" \/>\n<meta property=\"og:description\" content=\"Avocat Laura Presti laura.presti@studiolegalefrus.it T\u00e9l +39 011 56 20 257 T\u00e9l +39 011 56 13 240 T\u00e9l\u00e9copie +39 011 54 63 23 FORMATION: Universit\u00e9 de Turin, dipl\u00f4m\u00e9e en droit HABILITATIONS:\u00a0avocate inscrite au barreau de Turin LANGUES \u00c9TRANG\u00c8RES: anglai Laura Presti est dipl\u00f4m\u00e9e de la Facult\u00e9 de droit de l&rsquo;Universit\u00e9 de Turin avec une th\u00e8se sur [&hellip;]\" \/>\n<meta property=\"og:url\" content=\"https:\/\/www.fruseassociati.it\/fr\/les-professionnels\/laura-presti\/\" \/>\n<meta property=\"og:site_name\" content=\"Studio Legale Frus\" \/>\n<meta property=\"article:modified_time\" content=\"2024-07-31T16:33:19+00:00\" \/>\n<meta property=\"og:image\" content=\"https:\/\/www.fruseassociati.it\/wp-content\/uploads\/2021\/10\/ofcounsel2.webp\" \/>\n<meta name=\"twitter:card\" content=\"summary_large_image\" \/>\n<meta name=\"twitter:label1\" content=\"Dur\u00e9e de lecture estim\u00e9e\" \/>\n\t<meta name=\"twitter:data1\" content=\"2 minutes\" \/>\n<script type=\"application\/ld+json\" class=\"yoast-schema-graph\">{\"@context\":\"https:\\\/\\\/schema.org\",\"@graph\":[{\"@type\":\"WebPage\",\"@id\":\"https:\\\/\\\/www.fruseassociati.it\\\/fr\\\/les-professionnels\\\/laura-presti\\\/\",\"url\":\"https:\\\/\\\/www.fruseassociati.it\\\/fr\\\/les-professionnels\\\/laura-presti\\\/\",\"name\":\"Laura Presti - Studio Legale Frus\",\"isPartOf\":{\"@id\":\"https:\\\/\\\/www.fruseassociati.it\\\/fr\\\/#website\"},\"primaryImageOfPage\":{\"@id\":\"https:\\\/\\\/www.fruseassociati.it\\\/fr\\\/les-professionnels\\\/laura-presti\\\/#primaryimage\"},\"image\":{\"@id\":\"https:\\\/\\\/www.fruseassociati.it\\\/fr\\\/les-professionnels\\\/laura-presti\\\/#primaryimage\"},\"thumbnailUrl\":\"https:\\\/\\\/www.fruseassociati.it\\\/wp-content\\\/uploads\\\/2021\\\/10\\\/ofcounsel2.webp\",\"datePublished\":\"2021-11-02T14:54:44+00:00\",\"dateModified\":\"2024-07-31T16:33:19+00:00\",\"breadcrumb\":{\"@id\":\"https:\\\/\\\/www.fruseassociati.it\\\/fr\\\/les-professionnels\\\/laura-presti\\\/#breadcrumb\"},\"inLanguage\":\"fr-FR\",\"potentialAction\":[{\"@type\":\"ReadAction\",\"target\":[\"https:\\\/\\\/www.fruseassociati.it\\\/fr\\\/les-professionnels\\\/laura-presti\\\/\"]}]},{\"@type\":\"ImageObject\",\"inLanguage\":\"fr-FR\",\"@id\":\"https:\\\/\\\/www.fruseassociati.it\\\/fr\\\/les-professionnels\\\/laura-presti\\\/#primaryimage\",\"url\":\"https:\\\/\\\/www.fruseassociati.it\\\/wp-content\\\/uploads\\\/2021\\\/10\\\/ofcounsel2.webp\",\"contentUrl\":\"https:\\\/\\\/www.fruseassociati.it\\\/wp-content\\\/uploads\\\/2021\\\/10\\\/ofcounsel2.webp\"},{\"@type\":\"BreadcrumbList\",\"@id\":\"https:\\\/\\\/www.fruseassociati.it\\\/fr\\\/les-professionnels\\\/laura-presti\\\/#breadcrumb\",\"itemListElement\":[{\"@type\":\"ListItem\",\"position\":1,\"name\":\"Home\",\"item\":\"https:\\\/\\\/www.fruseassociati.it\\\/fr\\\/\"},{\"@type\":\"ListItem\",\"position\":2,\"name\":\"Les professionnels\",\"item\":\"https:\\\/\\\/www.fruseassociati.it\\\/fr\\\/i-professionisti\\\/\"},{\"@type\":\"ListItem\",\"position\":3,\"name\":\"Laura Presti\"}]},{\"@type\":\"WebSite\",\"@id\":\"https:\\\/\\\/www.fruseassociati.it\\\/fr\\\/#website\",\"url\":\"https:\\\/\\\/www.fruseassociati.it\\\/fr\\\/\",\"name\":\"Studio Legale Frus\",\"description\":\"\",\"potentialAction\":[{\"@type\":\"SearchAction\",\"target\":{\"@type\":\"EntryPoint\",\"urlTemplate\":\"https:\\\/\\\/www.fruseassociati.it\\\/fr\\\/?s={search_term_string}\"},\"query-input\":{\"@type\":\"PropertyValueSpecification\",\"valueRequired\":true,\"valueName\":\"search_term_string\"}}],\"inLanguage\":\"fr-FR\"}]}<\/script>\n<!-- \/ Yoast SEO plugin. -->","yoast_head_json":{"title":"Laura Presti - Studio Legale Frus","robots":{"index":"index","follow":"follow","max-snippet":"max-snippet:-1","max-image-preview":"max-image-preview:large","max-video-preview":"max-video-preview:-1"},"canonical":"https:\/\/www.fruseassociati.it\/fr\/les-professionnels\/laura-presti\/","og_locale":"fr_FR","og_type":"article","og_title":"Laura Presti - Studio Legale Frus","og_description":"Avocat Laura Presti laura.presti@studiolegalefrus.it T\u00e9l +39 011 56 20 257 T\u00e9l +39 011 56 13 240 T\u00e9l\u00e9copie +39 011 54 63 23 FORMATION: Universit\u00e9 de Turin, dipl\u00f4m\u00e9e en droit HABILITATIONS:\u00a0avocate inscrite au barreau de Turin LANGUES \u00c9TRANG\u00c8RES: anglai Laura Presti est dipl\u00f4m\u00e9e de la Facult\u00e9 de droit de l&rsquo;Universit\u00e9 de Turin avec une th\u00e8se sur [&hellip;]","og_url":"https:\/\/www.fruseassociati.it\/fr\/les-professionnels\/laura-presti\/","og_site_name":"Studio Legale Frus","article_modified_time":"2024-07-31T16:33:19+00:00","og_image":[{"url":"https:\/\/www.fruseassociati.it\/wp-content\/uploads\/2021\/10\/ofcounsel2.webp","type":"","width":"","height":""}],"twitter_card":"summary_large_image","twitter_misc":{"Dur\u00e9e de lecture estim\u00e9e":"2 minutes"},"schema":{"@context":"https:\/\/schema.org","@graph":[{"@type":"WebPage","@id":"https:\/\/www.fruseassociati.it\/fr\/les-professionnels\/laura-presti\/","url":"https:\/\/www.fruseassociati.it\/fr\/les-professionnels\/laura-presti\/","name":"Laura Presti - Studio Legale Frus","isPartOf":{"@id":"https:\/\/www.fruseassociati.it\/fr\/#website"},"primaryImageOfPage":{"@id":"https:\/\/www.fruseassociati.it\/fr\/les-professionnels\/laura-presti\/#primaryimage"},"image":{"@id":"https:\/\/www.fruseassociati.it\/fr\/les-professionnels\/laura-presti\/#primaryimage"},"thumbnailUrl":"https:\/\/www.fruseassociati.it\/wp-content\/uploads\/2021\/10\/ofcounsel2.webp","datePublished":"2021-11-02T14:54:44+00:00","dateModified":"2024-07-31T16:33:19+00:00","breadcrumb":{"@id":"https:\/\/www.fruseassociati.it\/fr\/les-professionnels\/laura-presti\/#breadcrumb"},"inLanguage":"fr-FR","potentialAction":[{"@type":"ReadAction","target":["https:\/\/www.fruseassociati.it\/fr\/les-professionnels\/laura-presti\/"]}]},{"@type":"ImageObject","inLanguage":"fr-FR","@id":"https:\/\/www.fruseassociati.it\/fr\/les-professionnels\/laura-presti\/#primaryimage","url":"https:\/\/www.fruseassociati.it\/wp-content\/uploads\/2021\/10\/ofcounsel2.webp","contentUrl":"https:\/\/www.fruseassociati.it\/wp-content\/uploads\/2021\/10\/ofcounsel2.webp"},{"@type":"BreadcrumbList","@id":"https:\/\/www.fruseassociati.it\/fr\/les-professionnels\/laura-presti\/#breadcrumb","itemListElement":[{"@type":"ListItem","position":1,"name":"Home","item":"https:\/\/www.fruseassociati.it\/fr\/"},{"@type":"ListItem","position":2,"name":"Les professionnels","item":"https:\/\/www.fruseassociati.it\/fr\/i-professionisti\/"},{"@type":"ListItem","position":3,"name":"Laura Presti"}]},{"@type":"WebSite","@id":"https:\/\/www.fruseassociati.it\/fr\/#website","url":"https:\/\/www.fruseassociati.it\/fr\/","name":"Studio Legale Frus","description":"","potentialAction":[{"@type":"SearchAction","target":{"@type":"EntryPoint","urlTemplate":"https:\/\/www.fruseassociati.it\/fr\/?s={search_term_string}"},"query-input":{"@type":"PropertyValueSpecification","valueRequired":true,"valueName":"search_term_string"}}],"inLanguage":"fr-FR"}]}},"_links":{"self":[{"href":"https:\/\/www.fruseassociati.it\/fr\/wp-json\/wp\/v2\/pages\/727","targetHints":{"allow":["GET"]}}],"collection":[{"href":"https:\/\/www.fruseassociati.it\/fr\/wp-json\/wp\/v2\/pages"}],"about":[{"href":"https:\/\/www.fruseassociati.it\/fr\/wp-json\/wp\/v2\/types\/page"}],"author":[{"embeddable":true,"href":"https:\/\/www.fruseassociati.it\/fr\/wp-json\/wp\/v2\/users\/5"}],"replies":[{"embeddable":true,"href":"https:\/\/www.fruseassociati.it\/fr\/wp-json\/wp\/v2\/comments?post=727"}],"version-history":[{"count":7,"href":"https:\/\/www.fruseassociati.it\/fr\/wp-json\/wp\/v2\/pages\/727\/revisions"}],"predecessor-version":[{"id":2122,"href":"https:\/\/www.fruseassociati.it\/fr\/wp-json\/wp\/v2\/pages\/727\/revisions\/2122"}],"up":[{"embeddable":true,"href":"https:\/\/www.fruseassociati.it\/fr\/wp-json\/wp\/v2\/pages\/731"}],"wp:attachment":[{"href":"https:\/\/www.fruseassociati.it\/fr\/wp-json\/wp\/v2\/media?parent=727"}],"curies":[{"name":"wp","href":"https:\/\/api.w.org\/{rel}","templated":true}]}}