{"id":721,"date":"2021-11-02T15:49:29","date_gmt":"2021-11-02T14:49:29","guid":{"rendered":"https:\/\/studiofrus.archibuzz.tech\/martina-comel\/"},"modified":"2026-01-28T15:47:52","modified_gmt":"2026-01-28T14:47:52","slug":"cecilia-magliona","status":"publish","type":"page","link":"https:\/\/www.fruseassociati.it\/fr\/les-professionnels\/cecilia-magliona\/","title":{"rendered":"Cecilia Magliona"},"content":{"rendered":"\t\t<div data-elementor-type=\"wp-page\" data-elementor-id=\"721\" class=\"elementor elementor-721 elementor-431\">\n\t\t\t\t\t\t<section class=\"elementor-section elementor-top-section elementor-element elementor-element-4670f213 elementor-section-full_width elementor-section-height-min-height page-header professionisti elementor-section-height-default elementor-section-items-middle\" data-id=\"4670f213\" data-element_type=\"section\" data-e-type=\"section\" data-settings=\"{&quot;background_background&quot;:&quot;classic&quot;}\">\n\t\t\t\t\t\t<div class=\"elementor-container elementor-column-gap-default\">\n\t\t\t\t\t<div class=\"elementor-column elementor-col-100 elementor-top-column elementor-element elementor-element-121ed119\" data-id=\"121ed119\" data-element_type=\"column\" data-e-type=\"column\">\n\t\t\t<div class=\"elementor-widget-wrap elementor-element-populated\">\n\t\t\t\t\t\t<section class=\"elementor-section elementor-inner-section elementor-element elementor-element-2d324239 prof-title elementor-section-boxed elementor-section-height-default elementor-section-height-default elementor-invisible\" data-id=\"2d324239\" data-element_type=\"section\" data-e-type=\"section\" data-settings=\"{&quot;animation&quot;:&quot;fadeInLeft&quot;}\">\n\t\t\t\t\t\t<div class=\"elementor-container elementor-column-gap-default\">\n\t\t\t\t\t<div class=\"elementor-column elementor-col-100 elementor-inner-column elementor-element elementor-element-29f6e960\" data-id=\"29f6e960\" data-element_type=\"column\" data-e-type=\"column\">\n\t\t\t<div class=\"elementor-widget-wrap elementor-element-populated\">\n\t\t\t\t\t\t<div class=\"elementor-element elementor-element-6fd1dd68 elementor-widget elementor-widget-heading\" data-id=\"6fd1dd68\" data-element_type=\"widget\" data-e-type=\"widget\" data-widget_type=\"heading.default\">\n\t\t\t\t<div class=\"elementor-widget-container\">\n\t\t\t\t\t<h1 class=\"elementor-heading-title elementor-size-default\">Avocate Cecilia Magliona<\/h1>\t\t\t\t<\/div>\n\t\t\t\t<\/div>\n\t\t\t\t\t<\/div>\n\t\t<\/div>\n\t\t\t\t\t<\/div>\n\t\t<\/section>\n\t\t\t\t<section class=\"elementor-section elementor-inner-section elementor-element elementor-element-16c79ecd prof-info elementor-section-boxed elementor-section-height-default elementor-section-height-default\" data-id=\"16c79ecd\" data-element_type=\"section\" data-e-type=\"section\">\n\t\t\t\t\t\t<div class=\"elementor-container elementor-column-gap-default\">\n\t\t\t\t\t<div class=\"elementor-column elementor-col-50 elementor-inner-column elementor-element elementor-element-49ec0d2b\" data-id=\"49ec0d2b\" data-element_type=\"column\" data-e-type=\"column\">\n\t\t\t<div class=\"elementor-widget-wrap elementor-element-populated\">\n\t\t\t\t\t\t<div class=\"elementor-element elementor-element-5c08c949 elementor-invisible elementor-widget elementor-widget-text-editor\" data-id=\"5c08c949\" data-element_type=\"widget\" data-e-type=\"widget\" data-settings=\"{&quot;_animation&quot;:&quot;fadeInLeft&quot;}\" data-widget_type=\"text-editor.default\">\n\t\t\t\t<div class=\"elementor-widget-container\">\n\t\t\t\t\t\t\t\t\t<p><a href=\"mailto:cecilia.magliona@fruseassociati.it\">cecilia.magliona@fruseassociati.it<\/a><\/p>\n<p><a href=\"tel:00390115620257\">T\u00e9l +39 011 56 20 257<\/a><br \/><a href=\"tel:00390115620257\">T\u00e9l +39 011 56 13 240<\/a><br \/>T\u00e9l\u00e9copie +39 011 54 63 23<\/p>\n\t\t\t\t\t\t\t\t<\/div>\n\t\t\t\t<\/div>\n\t\t\t\t\t<\/div>\n\t\t<\/div>\n\t\t\t\t<div class=\"elementor-column elementor-col-50 elementor-inner-column elementor-element elementor-element-694da35c\" data-id=\"694da35c\" data-element_type=\"column\" data-e-type=\"column\">\n\t\t\t<div class=\"elementor-widget-wrap elementor-element-populated\">\n\t\t\t\t\t\t<div class=\"elementor-element elementor-element-13dae779 elementor-invisible elementor-widget elementor-widget-text-editor\" data-id=\"13dae779\" data-element_type=\"widget\" data-e-type=\"widget\" data-settings=\"{&quot;_animation&quot;:&quot;fadeInRight&quot;}\" data-widget_type=\"text-editor.default\">\n\t\t\t\t<div class=\"elementor-widget-container\">\n\t\t\t\t\t\t\t\t\t<p><strong><span class=\"\">FORMATION:\u00a0<\/span><\/strong>Universit\u00e9 de Turin, dipl\u00f4m\u00e9e<span class=\"\"> en Droit<br \/>\n<\/span><\/p>\n<p><strong><span class=\"\">HABILITATIONS:\u00a0<\/span><\/strong>avocate inscrit au Barreau de Turin<\/p>\n<p><strong><span class=\"\">LANGUES \u00c9TRANG\u00c8RES:\u00a0<\/span><\/strong>anglais<\/p>\n\t\t\t\t\t\t\t\t<\/div>\n\t\t\t\t<\/div>\n\t\t\t\t\t<\/div>\n\t\t<\/div>\n\t\t\t\t\t<\/div>\n\t\t<\/section>\n\t\t\t\t\t<\/div>\n\t\t<\/div>\n\t\t\t\t\t<\/div>\n\t\t<\/section>\n\t\t\t\t<section class=\"elementor-section elementor-top-section elementor-element elementor-element-10b13824 elementor-section-boxed elementor-section-height-default elementor-section-height-default\" data-id=\"10b13824\" data-element_type=\"section\" data-e-type=\"section\">\n\t\t\t\t\t\t<div class=\"elementor-container elementor-column-gap-default\">\n\t\t\t\t\t<div class=\"elementor-column elementor-col-100 elementor-top-column elementor-element elementor-element-50938c92\" data-id=\"50938c92\" data-element_type=\"column\" data-e-type=\"column\">\n\t\t\t<div class=\"elementor-widget-wrap elementor-element-populated\">\n\t\t\t\t\t\t<section class=\"elementor-section elementor-inner-section elementor-element elementor-element-ecba62d elementor-section-boxed elementor-section-height-default elementor-section-height-default\" data-id=\"ecba62d\" data-element_type=\"section\" data-e-type=\"section\">\n\t\t\t\t\t\t<div class=\"elementor-container elementor-column-gap-default\">\n\t\t\t\t\t<div class=\"elementor-column elementor-col-50 elementor-inner-column elementor-element elementor-element-4ac88d47\" data-id=\"4ac88d47\" data-element_type=\"column\" data-e-type=\"column\">\n\t\t\t<div class=\"elementor-widget-wrap elementor-element-populated\">\n\t\t\t\t\t\t<div class=\"elementor-element elementor-element-a4cd2ff elementor-invisible elementor-widget elementor-widget-text-editor\" data-id=\"a4cd2ff\" data-element_type=\"widget\" data-e-type=\"widget\" data-settings=\"{&quot;_animation&quot;:&quot;fadeInLeft&quot;}\" data-widget_type=\"text-editor.default\">\n\t\t\t\t<div class=\"elementor-widget-container\">\n\t\t\t\t\t\t\t\t\t<p>Cecilia Magliona collabore avec l\u2019association professionnelle Frus e Associati depuis octobre 2020.<\/p>\n<p>Elle est dipl\u00f4m\u00e9e en droit de l\u2019Universit\u00e9 de Turin en septembre 2020, avec une note de 110\/110, mention et les F\u00e9licitations, et en soutenant une th\u00e8se intitul\u00e9e \u00ab<em>La discipline de la r\u00e8gle de la passivit\u00e9 dans les offres publiques d\u2019acquisition<\/em>\u00bb.<\/p>\n\t\t\t\t\t\t\t\t<\/div>\n\t\t\t\t<\/div>\n\t\t\t\t\t<\/div>\n\t\t<\/div>\n\t\t\t\t<div class=\"elementor-column elementor-col-50 elementor-inner-column elementor-element elementor-element-20a10386\" data-id=\"20a10386\" data-element_type=\"column\" data-e-type=\"column\">\n\t\t\t<div class=\"elementor-widget-wrap elementor-element-populated\">\n\t\t\t\t\t\t<div class=\"elementor-element elementor-element-229def01 elementor-invisible elementor-widget elementor-widget-image\" data-id=\"229def01\" data-element_type=\"widget\" data-e-type=\"widget\" data-settings=\"{&quot;_animation&quot;:&quot;fadeInRight&quot;}\" data-widget_type=\"image.default\">\n\t\t\t\t<div class=\"elementor-widget-container\">\n\t\t\t\t\t\t\t\t\t\t\t\t\t\t\t<img fetchpriority=\"high\" decoding=\"async\" width=\"855\" height=\"1024\" src=\"https:\/\/www.fruseassociati.it\/wp-content\/uploads\/2024\/07\/Cecilia_def-855x1024.jpg\" class=\"attachment-large size-large wp-image-2035\" alt=\"\" srcset=\"https:\/\/www.fruseassociati.it\/wp-content\/uploads\/2024\/07\/Cecilia_def-855x1024.jpg 855w, https:\/\/www.fruseassociati.it\/wp-content\/uploads\/2024\/07\/Cecilia_def-250x300.jpg 250w, https:\/\/www.fruseassociati.it\/wp-content\/uploads\/2024\/07\/Cecilia_def-768x920.jpg 768w, https:\/\/www.fruseassociati.it\/wp-content\/uploads\/2024\/07\/Cecilia_def-1282x1536.jpg 1282w, https:\/\/www.fruseassociati.it\/wp-content\/uploads\/2024\/07\/Cecilia_def-1710x2048.jpg 1710w\" sizes=\"(max-width: 855px) 100vw, 855px\" \/>\t\t\t\t\t\t\t\t\t\t\t\t\t\t\t<\/div>\n\t\t\t\t<\/div>\n\t\t\t\t\t<\/div>\n\t\t<\/div>\n\t\t\t\t\t<\/div>\n\t\t<\/section>\n\t\t\t\t\t<\/div>\n\t\t<\/div>\n\t\t\t\t\t<\/div>\n\t\t<\/section>\n\t\t\t\t<section class=\"elementor-section elementor-top-section elementor-element elementor-element-01bf792 elementor-section-boxed elementor-section-height-default elementor-section-height-default\" data-id=\"01bf792\" data-element_type=\"section\" data-e-type=\"section\">\n\t\t\t\t\t\t<div class=\"elementor-container elementor-column-gap-default\">\n\t\t\t\t\t<div class=\"elementor-column elementor-col-100 elementor-top-column elementor-element elementor-element-68e107c\" data-id=\"68e107c\" data-element_type=\"column\" data-e-type=\"column\">\n\t\t\t<div class=\"elementor-widget-wrap elementor-element-populated\">\n\t\t\t\t\t\t<div class=\"elementor-element elementor-element-af710d9 elementor-invisible elementor-widget elementor-widget-elementskit-accordion\" data-id=\"af710d9\" data-element_type=\"widget\" data-e-type=\"widget\" data-settings=\"{&quot;_animation&quot;:&quot;fadeInUp&quot;}\" data-widget_type=\"elementskit-accordion.default\">\n\t\t\t\t<div class=\"elementor-widget-container\">\n\t\t\t\t\t<div class=\"ekit-wid-con\" >\n        <div class=\"elementskit-accordion accoedion-primary\" id=\"accordion-69f37bcbe1d3d\">\n\n            \n                <div class=\"elementskit-card \">\n                    <div class=\"elementskit-card-header\" id=\"primaryHeading-0-af710d9\">\n                        <a href=\"#collapse-49fde3b69f37bcbe1d3d\" class=\"ekit-accordion--toggler elementskit-btn-link collapsed\" data-ekit-toggle=\"collapse\" data-target=\"#Collapse-49fde3b69f37bcbe1d3d\" aria-expanded=\"false\" aria-controls=\"Collapse-49fde3b69f37bcbe1d3d\">\n                            \n                            <span class=\"ekit-accordion-title\">Publications<\/span>\n\n                            \n                                <div class=\"ekit_accordion_icon_group\">\n                                    <div class=\"ekit_accordion_normal_icon\">\n                                        <!-- Normal Icon -->\n\t\t\t\t\t\t\t\t\t\t<i class=\"icon icon-down-arrow1\"><\/i>                                    <\/div>\n\n                                    <div class=\"ekit_accordion_active_icon\">\n                                        <!-- Active Icon -->\n\t\t\t\t\t\t\t\t\t\t<i class=\"icon icon-up-arrow\"><\/i>                                    <\/div>\n                                <\/div>\n\n                            \n                                                    <\/a>\n                    <\/div>\n\n                    <div id=\"Collapse-49fde3b69f37bcbe1d3d\" class=\" collapse\" aria-labelledby=\"primaryHeading-0-af710d9\" data-parent=\"#accordion-69f37bcbe1d3d\">\n\n                        <div class=\"elementskit-card-body ekit-accordion--content\">\n                            <ol>\n<li><em>Determinazione dei compensi e conseguenze della violazione dell\u2019art. 2389 c.c.<\/em>, dans <em>Giur. It<\/em>., 2023, 11, 2407 ss., note au Corte d\u2019Appello Firenze, section Entreprises, 22 marzo 2023, n. 590.<\/li>\n<li><em>Infezione da SARS-CoV-2 contratta dal lavoratore e responsabilit\u00e0 civile del datore di lavoro: alcune riflessioni alla luce della vigente normativa<\/em>, dans <em>Diritto ed economia dell\u2019impresa<\/em>, 2022, 1, 75 ss.<\/li>\n<\/ol>\n                        <\/div>\n\n                    <\/div>\n\n                <\/div><!-- .elementskit-card END -->\n\n                                        <\/div>\n    <\/div>\t\t\t\t<\/div>\n\t\t\t\t<\/div>\n\t\t\t\t\t<\/div>\n\t\t<\/div>\n\t\t\t\t\t<\/div>\n\t\t<\/section>\n\t\t\t\t<\/div>\n\t\t","protected":false},"excerpt":{"rendered":"<p>Avocate Cecilia Magliona cecilia.magliona@fruseassociati.it T\u00e9l +39 011 56 20 257T\u00e9l +39 011 56 13 240T\u00e9l\u00e9copie +39 011 54 63 23 FORMATION:\u00a0Universit\u00e9 de Turin, dipl\u00f4m\u00e9e en Droit HABILITATIONS:\u00a0avocate inscrit au Barreau de Turin LANGUES \u00c9TRANG\u00c8RES:\u00a0anglais Cecilia Magliona collabore avec l\u2019association professionnelle Frus e Associati depuis octobre 2020. Elle est dipl\u00f4m\u00e9e en droit de l\u2019Universit\u00e9 de Turin [&hellip;]<\/p>\n","protected":false},"author":5,"featured_media":0,"parent":731,"menu_order":0,"comment_status":"closed","ping_status":"closed","template":"fullwidth-no-container.php","meta":{"footnotes":""},"class_list":["post-721","page","type-page","status-publish","hentry"],"yoast_head":"<!-- This site is optimized with the Yoast SEO plugin v27.5 - https:\/\/yoast.com\/product\/yoast-seo-wordpress\/ -->\n<title>Cecilia Magliona - Studio Legale Frus<\/title>\n<meta name=\"robots\" content=\"index, follow, max-snippet:-1, max-image-preview:large, max-video-preview:-1\" \/>\n<link rel=\"canonical\" href=\"https:\/\/www.fruseassociati.it\/fr\/les-professionnels\/cecilia-magliona\/\" \/>\n<meta property=\"og:locale\" content=\"fr_FR\" \/>\n<meta property=\"og:type\" content=\"article\" \/>\n<meta property=\"og:title\" content=\"Cecilia Magliona - Studio Legale Frus\" \/>\n<meta property=\"og:description\" content=\"Avocate Cecilia Magliona cecilia.magliona@fruseassociati.it T\u00e9l +39 011 56 20 257T\u00e9l +39 011 56 13 240T\u00e9l\u00e9copie +39 011 54 63 23 FORMATION:\u00a0Universit\u00e9 de Turin, dipl\u00f4m\u00e9e en Droit HABILITATIONS:\u00a0avocate inscrit au Barreau de Turin LANGUES \u00c9TRANG\u00c8RES:\u00a0anglais Cecilia Magliona collabore avec l\u2019association professionnelle Frus e Associati depuis octobre 2020. Elle est dipl\u00f4m\u00e9e en droit de l\u2019Universit\u00e9 de Turin [&hellip;]\" \/>\n<meta property=\"og:url\" content=\"https:\/\/www.fruseassociati.it\/fr\/les-professionnels\/cecilia-magliona\/\" \/>\n<meta property=\"og:site_name\" content=\"Studio Legale Frus\" \/>\n<meta property=\"article:modified_time\" content=\"2026-01-28T14:47:52+00:00\" \/>\n<meta property=\"og:image\" content=\"https:\/\/www.fruseassociati.it\/wp-content\/uploads\/2024\/07\/Cecilia_def-855x1024.jpg\" \/>\n<meta name=\"twitter:card\" content=\"summary_large_image\" \/>\n<meta name=\"twitter:label1\" content=\"Dur\u00e9e de lecture estim\u00e9e\" \/>\n\t<meta name=\"twitter:data1\" content=\"2 minutes\" \/>\n<script type=\"application\/ld+json\" class=\"yoast-schema-graph\">{\"@context\":\"https:\\\/\\\/schema.org\",\"@graph\":[{\"@type\":\"WebPage\",\"@id\":\"https:\\\/\\\/www.fruseassociati.it\\\/fr\\\/les-professionnels\\\/cecilia-magliona\\\/\",\"url\":\"https:\\\/\\\/www.fruseassociati.it\\\/fr\\\/les-professionnels\\\/cecilia-magliona\\\/\",\"name\":\"Cecilia Magliona - Studio Legale Frus\",\"isPartOf\":{\"@id\":\"https:\\\/\\\/www.fruseassociati.it\\\/fr\\\/#website\"},\"primaryImageOfPage\":{\"@id\":\"https:\\\/\\\/www.fruseassociati.it\\\/fr\\\/les-professionnels\\\/cecilia-magliona\\\/#primaryimage\"},\"image\":{\"@id\":\"https:\\\/\\\/www.fruseassociati.it\\\/fr\\\/les-professionnels\\\/cecilia-magliona\\\/#primaryimage\"},\"thumbnailUrl\":\"https:\\\/\\\/www.fruseassociati.it\\\/wp-content\\\/uploads\\\/2024\\\/07\\\/Cecilia_def-855x1024.jpg\",\"datePublished\":\"2021-11-02T14:49:29+00:00\",\"dateModified\":\"2026-01-28T14:47:52+00:00\",\"breadcrumb\":{\"@id\":\"https:\\\/\\\/www.fruseassociati.it\\\/fr\\\/les-professionnels\\\/cecilia-magliona\\\/#breadcrumb\"},\"inLanguage\":\"fr-FR\",\"potentialAction\":[{\"@type\":\"ReadAction\",\"target\":[\"https:\\\/\\\/www.fruseassociati.it\\\/fr\\\/les-professionnels\\\/cecilia-magliona\\\/\"]}]},{\"@type\":\"ImageObject\",\"inLanguage\":\"fr-FR\",\"@id\":\"https:\\\/\\\/www.fruseassociati.it\\\/fr\\\/les-professionnels\\\/cecilia-magliona\\\/#primaryimage\",\"url\":\"https:\\\/\\\/www.fruseassociati.it\\\/wp-content\\\/uploads\\\/2024\\\/07\\\/Cecilia_def-855x1024.jpg\",\"contentUrl\":\"https:\\\/\\\/www.fruseassociati.it\\\/wp-content\\\/uploads\\\/2024\\\/07\\\/Cecilia_def-855x1024.jpg\"},{\"@type\":\"BreadcrumbList\",\"@id\":\"https:\\\/\\\/www.fruseassociati.it\\\/fr\\\/les-professionnels\\\/cecilia-magliona\\\/#breadcrumb\",\"itemListElement\":[{\"@type\":\"ListItem\",\"position\":1,\"name\":\"Home\",\"item\":\"https:\\\/\\\/www.fruseassociati.it\\\/fr\\\/\"},{\"@type\":\"ListItem\",\"position\":2,\"name\":\"Les professionnels\",\"item\":\"https:\\\/\\\/www.fruseassociati.it\\\/fr\\\/i-professionisti\\\/\"},{\"@type\":\"ListItem\",\"position\":3,\"name\":\"Cecilia Magliona\"}]},{\"@type\":\"WebSite\",\"@id\":\"https:\\\/\\\/www.fruseassociati.it\\\/fr\\\/#website\",\"url\":\"https:\\\/\\\/www.fruseassociati.it\\\/fr\\\/\",\"name\":\"Studio Legale Frus\",\"description\":\"\",\"potentialAction\":[{\"@type\":\"SearchAction\",\"target\":{\"@type\":\"EntryPoint\",\"urlTemplate\":\"https:\\\/\\\/www.fruseassociati.it\\\/fr\\\/?s={search_term_string}\"},\"query-input\":{\"@type\":\"PropertyValueSpecification\",\"valueRequired\":true,\"valueName\":\"search_term_string\"}}],\"inLanguage\":\"fr-FR\"}]}<\/script>\n<!-- \/ Yoast SEO plugin. -->","yoast_head_json":{"title":"Cecilia Magliona - Studio Legale Frus","robots":{"index":"index","follow":"follow","max-snippet":"max-snippet:-1","max-image-preview":"max-image-preview:large","max-video-preview":"max-video-preview:-1"},"canonical":"https:\/\/www.fruseassociati.it\/fr\/les-professionnels\/cecilia-magliona\/","og_locale":"fr_FR","og_type":"article","og_title":"Cecilia Magliona - Studio Legale Frus","og_description":"Avocate Cecilia Magliona cecilia.magliona@fruseassociati.it T\u00e9l +39 011 56 20 257T\u00e9l +39 011 56 13 240T\u00e9l\u00e9copie +39 011 54 63 23 FORMATION:\u00a0Universit\u00e9 de Turin, dipl\u00f4m\u00e9e en Droit HABILITATIONS:\u00a0avocate inscrit au Barreau de Turin LANGUES \u00c9TRANG\u00c8RES:\u00a0anglais Cecilia Magliona collabore avec l\u2019association professionnelle Frus e Associati depuis octobre 2020. Elle est dipl\u00f4m\u00e9e en droit de l\u2019Universit\u00e9 de Turin [&hellip;]","og_url":"https:\/\/www.fruseassociati.it\/fr\/les-professionnels\/cecilia-magliona\/","og_site_name":"Studio Legale Frus","article_modified_time":"2026-01-28T14:47:52+00:00","og_image":[{"url":"https:\/\/www.fruseassociati.it\/wp-content\/uploads\/2024\/07\/Cecilia_def-855x1024.jpg","type":"","width":"","height":""}],"twitter_card":"summary_large_image","twitter_misc":{"Dur\u00e9e de lecture estim\u00e9e":"2 minutes"},"schema":{"@context":"https:\/\/schema.org","@graph":[{"@type":"WebPage","@id":"https:\/\/www.fruseassociati.it\/fr\/les-professionnels\/cecilia-magliona\/","url":"https:\/\/www.fruseassociati.it\/fr\/les-professionnels\/cecilia-magliona\/","name":"Cecilia Magliona - Studio Legale Frus","isPartOf":{"@id":"https:\/\/www.fruseassociati.it\/fr\/#website"},"primaryImageOfPage":{"@id":"https:\/\/www.fruseassociati.it\/fr\/les-professionnels\/cecilia-magliona\/#primaryimage"},"image":{"@id":"https:\/\/www.fruseassociati.it\/fr\/les-professionnels\/cecilia-magliona\/#primaryimage"},"thumbnailUrl":"https:\/\/www.fruseassociati.it\/wp-content\/uploads\/2024\/07\/Cecilia_def-855x1024.jpg","datePublished":"2021-11-02T14:49:29+00:00","dateModified":"2026-01-28T14:47:52+00:00","breadcrumb":{"@id":"https:\/\/www.fruseassociati.it\/fr\/les-professionnels\/cecilia-magliona\/#breadcrumb"},"inLanguage":"fr-FR","potentialAction":[{"@type":"ReadAction","target":["https:\/\/www.fruseassociati.it\/fr\/les-professionnels\/cecilia-magliona\/"]}]},{"@type":"ImageObject","inLanguage":"fr-FR","@id":"https:\/\/www.fruseassociati.it\/fr\/les-professionnels\/cecilia-magliona\/#primaryimage","url":"https:\/\/www.fruseassociati.it\/wp-content\/uploads\/2024\/07\/Cecilia_def-855x1024.jpg","contentUrl":"https:\/\/www.fruseassociati.it\/wp-content\/uploads\/2024\/07\/Cecilia_def-855x1024.jpg"},{"@type":"BreadcrumbList","@id":"https:\/\/www.fruseassociati.it\/fr\/les-professionnels\/cecilia-magliona\/#breadcrumb","itemListElement":[{"@type":"ListItem","position":1,"name":"Home","item":"https:\/\/www.fruseassociati.it\/fr\/"},{"@type":"ListItem","position":2,"name":"Les professionnels","item":"https:\/\/www.fruseassociati.it\/fr\/i-professionisti\/"},{"@type":"ListItem","position":3,"name":"Cecilia Magliona"}]},{"@type":"WebSite","@id":"https:\/\/www.fruseassociati.it\/fr\/#website","url":"https:\/\/www.fruseassociati.it\/fr\/","name":"Studio Legale Frus","description":"","potentialAction":[{"@type":"SearchAction","target":{"@type":"EntryPoint","urlTemplate":"https:\/\/www.fruseassociati.it\/fr\/?s={search_term_string}"},"query-input":{"@type":"PropertyValueSpecification","valueRequired":true,"valueName":"search_term_string"}}],"inLanguage":"fr-FR"}]}},"_links":{"self":[{"href":"https:\/\/www.fruseassociati.it\/fr\/wp-json\/wp\/v2\/pages\/721","targetHints":{"allow":["GET"]}}],"collection":[{"href":"https:\/\/www.fruseassociati.it\/fr\/wp-json\/wp\/v2\/pages"}],"about":[{"href":"https:\/\/www.fruseassociati.it\/fr\/wp-json\/wp\/v2\/types\/page"}],"author":[{"embeddable":true,"href":"https:\/\/www.fruseassociati.it\/fr\/wp-json\/wp\/v2\/users\/5"}],"replies":[{"embeddable":true,"href":"https:\/\/www.fruseassociati.it\/fr\/wp-json\/wp\/v2\/comments?post=721"}],"version-history":[{"count":34,"href":"https:\/\/www.fruseassociati.it\/fr\/wp-json\/wp\/v2\/pages\/721\/revisions"}],"predecessor-version":[{"id":3048,"href":"https:\/\/www.fruseassociati.it\/fr\/wp-json\/wp\/v2\/pages\/721\/revisions\/3048"}],"up":[{"embeddable":true,"href":"https:\/\/www.fruseassociati.it\/fr\/wp-json\/wp\/v2\/pages\/731"}],"wp:attachment":[{"href":"https:\/\/www.fruseassociati.it\/fr\/wp-json\/wp\/v2\/media?parent=721"}],"curies":[{"name":"wp","href":"https:\/\/api.w.org\/{rel}","templated":true}]}}