{"id":715,"date":"2021-11-02T15:43:19","date_gmt":"2021-11-02T14:43:19","guid":{"rendered":"https:\/\/studiofrus.archibuzz.tech\/claudio-bechis\/"},"modified":"2025-11-28T16:22:59","modified_gmt":"2025-11-28T15:22:59","slug":"claudio-bechis","status":"publish","type":"page","link":"https:\/\/www.fruseassociati.it\/fr\/les-professionnels\/claudio-bechis\/","title":{"rendered":"Claudio Bechis"},"content":{"rendered":"\t\t<div data-elementor-type=\"wp-page\" data-elementor-id=\"715\" class=\"elementor elementor-715 elementor-410\">\n\t\t\t\t\t\t<section class=\"elementor-section elementor-top-section elementor-element elementor-element-3705c8bc elementor-section-full_width elementor-section-height-min-height page-header professionisti elementor-section-height-default elementor-section-items-middle\" data-id=\"3705c8bc\" data-element_type=\"section\" data-e-type=\"section\" data-settings=\"{&quot;background_background&quot;:&quot;classic&quot;}\">\n\t\t\t\t\t\t<div class=\"elementor-container elementor-column-gap-default\">\n\t\t\t\t\t<div class=\"elementor-column elementor-col-100 elementor-top-column elementor-element elementor-element-505e65d2\" data-id=\"505e65d2\" data-element_type=\"column\" data-e-type=\"column\">\n\t\t\t<div class=\"elementor-widget-wrap elementor-element-populated\">\n\t\t\t\t\t\t<section class=\"elementor-section elementor-inner-section elementor-element elementor-element-2554db83 prof-title elementor-section-boxed elementor-section-height-default elementor-section-height-default elementor-invisible\" data-id=\"2554db83\" data-element_type=\"section\" data-e-type=\"section\" data-settings=\"{&quot;animation&quot;:&quot;fadeInLeft&quot;}\">\n\t\t\t\t\t\t<div class=\"elementor-container elementor-column-gap-default\">\n\t\t\t\t\t<div class=\"elementor-column elementor-col-100 elementor-inner-column elementor-element elementor-element-48bb553f\" data-id=\"48bb553f\" data-element_type=\"column\" data-e-type=\"column\">\n\t\t\t<div class=\"elementor-widget-wrap elementor-element-populated\">\n\t\t\t\t\t\t<div class=\"elementor-element elementor-element-1b43107f elementor-widget elementor-widget-heading\" data-id=\"1b43107f\" data-element_type=\"widget\" data-e-type=\"widget\" data-widget_type=\"heading.default\">\n\t\t\t\t<div class=\"elementor-widget-container\">\n\t\t\t\t\t<h1 class=\"elementor-heading-title elementor-size-default\">Avocat Claudio Bechis<\/h1>\t\t\t\t<\/div>\n\t\t\t\t<\/div>\n\t\t\t\t\t<\/div>\n\t\t<\/div>\n\t\t\t\t\t<\/div>\n\t\t<\/section>\n\t\t\t\t<section class=\"elementor-section elementor-inner-section elementor-element elementor-element-66321243 prof-info elementor-section-boxed elementor-section-height-default elementor-section-height-default\" data-id=\"66321243\" data-element_type=\"section\" data-e-type=\"section\">\n\t\t\t\t\t\t<div class=\"elementor-container elementor-column-gap-default\">\n\t\t\t\t\t<div class=\"elementor-column elementor-col-50 elementor-inner-column elementor-element elementor-element-7e96441e\" data-id=\"7e96441e\" data-element_type=\"column\" data-e-type=\"column\">\n\t\t\t<div class=\"elementor-widget-wrap elementor-element-populated\">\n\t\t\t\t\t\t<div class=\"elementor-element elementor-element-536d953b elementor-invisible elementor-widget elementor-widget-text-editor\" data-id=\"536d953b\" data-element_type=\"widget\" data-e-type=\"widget\" data-settings=\"{&quot;_animation&quot;:&quot;fadeInLeft&quot;}\" data-widget_type=\"text-editor.default\">\n\t\t\t\t<div class=\"elementor-widget-container\">\n\t\t\t\t\t\t\t\t\t<p><span style=\"text-decoration: underline;\"><a href=\"mailto:claudio.bechis@studiolegalefrus.it\">claudio.bechis@studiolegalefrus.it<\/a><\/span><\/p>\n<p><a href=\"tel:00390115620257\">T\u00e9l +39 011 56 20 257<\/a><br \/><a href=\"tel:00390115620257\">T\u00e9l +39 011 56 13 240<\/a><br \/>T\u00e9l\u00e9copie +39 011 54 63 23<\/p>\n\t\t\t\t\t\t\t\t<\/div>\n\t\t\t\t<\/div>\n\t\t\t\t\t<\/div>\n\t\t<\/div>\n\t\t\t\t<div class=\"elementor-column elementor-col-50 elementor-inner-column elementor-element elementor-element-6f8622e4\" data-id=\"6f8622e4\" data-element_type=\"column\" data-e-type=\"column\">\n\t\t\t<div class=\"elementor-widget-wrap elementor-element-populated\">\n\t\t\t\t\t\t<div class=\"elementor-element elementor-element-655f20cd elementor-invisible elementor-widget elementor-widget-text-editor\" data-id=\"655f20cd\" data-element_type=\"widget\" data-e-type=\"widget\" data-settings=\"{&quot;_animation&quot;:&quot;fadeInRight&quot;}\" data-widget_type=\"text-editor.default\">\n\t\t\t\t<div class=\"elementor-widget-container\">\n\t\t\t\t\t\t\t\t\t<p><strong><span class=\"\">FORMATION: <\/span><\/strong><span class=\"\">Universit\u00e9 de Turin, dipl\u00f4m\u00e9 en droit<\/span><\/p>\n<p><strong><span class=\"\">HABILITATIONS: <\/span><\/strong>avocat inscrit au Barreau de Turin<\/p>\n<p><strong><span class=\"\">LANGUES \u00c9TRANG\u00c8RES: <\/span><\/strong>anglais, fran\u00e7ais et espagnol<\/p>\n\t\t\t\t\t\t\t\t<\/div>\n\t\t\t\t<\/div>\n\t\t\t\t\t<\/div>\n\t\t<\/div>\n\t\t\t\t\t<\/div>\n\t\t<\/section>\n\t\t\t\t\t<\/div>\n\t\t<\/div>\n\t\t\t\t\t<\/div>\n\t\t<\/section>\n\t\t\t\t<section class=\"elementor-section elementor-top-section elementor-element elementor-element-38ecf610 elementor-section-boxed elementor-section-height-default elementor-section-height-default\" data-id=\"38ecf610\" data-element_type=\"section\" data-e-type=\"section\">\n\t\t\t\t\t\t<div class=\"elementor-container elementor-column-gap-default\">\n\t\t\t\t\t<div class=\"elementor-column elementor-col-100 elementor-top-column elementor-element elementor-element-ec137b2\" data-id=\"ec137b2\" data-element_type=\"column\" data-e-type=\"column\">\n\t\t\t<div class=\"elementor-widget-wrap elementor-element-populated\">\n\t\t\t\t\t\t<section class=\"elementor-section elementor-inner-section elementor-element elementor-element-7c177597 elementor-section-boxed elementor-section-height-default elementor-section-height-default\" data-id=\"7c177597\" data-element_type=\"section\" data-e-type=\"section\">\n\t\t\t\t\t\t<div class=\"elementor-container elementor-column-gap-default\">\n\t\t\t\t\t<div class=\"elementor-column elementor-col-50 elementor-inner-column elementor-element elementor-element-430ba67f\" data-id=\"430ba67f\" data-element_type=\"column\" data-e-type=\"column\">\n\t\t\t<div class=\"elementor-widget-wrap elementor-element-populated\">\n\t\t\t\t\t\t<div class=\"elementor-element elementor-element-43be35b0 elementor-invisible elementor-widget elementor-widget-text-editor\" data-id=\"43be35b0\" data-element_type=\"widget\" data-e-type=\"widget\" data-settings=\"{&quot;_animation&quot;:&quot;fadeInLeft&quot;}\" data-widget_type=\"text-editor.default\">\n\t\t\t\t<div class=\"elementor-widget-container\">\n\t\t\t\t\t\t\t\t\t<p>Claudio Bechis collabore avec l&rsquo;association professionnelle Frus e Associati depuis mai 2015. Il exerce son activit\u00e9 professionnelle dans les domaines du droit des faillites, du droit du travail, du droit civil et commercial.<\/p>\n<p>Son exp\u00e9rience s\u2019est d\u00e9velopp\u00e9e, en particulier, dans les domaines de la protection des consommateurs en environnement de contentieux bancaire, de l&rsquo;assistance judiciaire et extrajudiciaire en faveur des organes d\u00e9sign\u00e9s dans les proc\u00e9dures d&rsquo;insolvabilit\u00e9, en relation avec les services professionnels de tutelle en cas de faillite, et des activit\u00e9s de commissariat et de liquidations relatives \u00e0 l\u2019accord avec les cr\u00e9anciers.<\/p>\n\t\t\t\t\t\t\t\t<\/div>\n\t\t\t\t<\/div>\n\t\t\t\t\t<\/div>\n\t\t<\/div>\n\t\t\t\t<div class=\"elementor-column elementor-col-50 elementor-inner-column elementor-element elementor-element-44e0019a\" data-id=\"44e0019a\" data-element_type=\"column\" data-e-type=\"column\">\n\t\t\t<div class=\"elementor-widget-wrap elementor-element-populated\">\n\t\t\t\t\t\t<div class=\"elementor-element elementor-element-7b91202e elementor-invisible elementor-widget elementor-widget-image\" data-id=\"7b91202e\" data-element_type=\"widget\" data-e-type=\"widget\" data-settings=\"{&quot;_animation&quot;:&quot;fadeInRight&quot;}\" data-widget_type=\"image.default\">\n\t\t\t\t<div class=\"elementor-widget-container\">\n\t\t\t\t\t\t\t\t\t\t\t\t\t\t\t<img fetchpriority=\"high\" decoding=\"async\" width=\"260\" height=\"332\" src=\"https:\/\/www.fruseassociati.it\/wp-content\/uploads\/2021\/10\/A7303610-a942009a-264w.webp\" class=\"attachment-large size-large wp-image-653\" alt=\"studio\" srcset=\"https:\/\/www.fruseassociati.it\/wp-content\/uploads\/2021\/10\/A7303610-a942009a-264w.webp 260w, https:\/\/www.fruseassociati.it\/wp-content\/uploads\/2021\/10\/A7303610-a942009a-264w-235x300.webp 235w\" sizes=\"(max-width: 260px) 100vw, 260px\" \/>\t\t\t\t\t\t\t\t\t\t\t\t\t\t\t<\/div>\n\t\t\t\t<\/div>\n\t\t\t\t\t<\/div>\n\t\t<\/div>\n\t\t\t\t\t<\/div>\n\t\t<\/section>\n\t\t\t\t<section class=\"elementor-section elementor-inner-section elementor-element elementor-element-795d6f47 elementor-section-boxed elementor-section-height-default elementor-section-height-default elementor-invisible\" data-id=\"795d6f47\" data-element_type=\"section\" data-e-type=\"section\" data-settings=\"{&quot;animation&quot;:&quot;fadeInUp&quot;}\">\n\t\t\t\t\t\t<div class=\"elementor-container elementor-column-gap-default\">\n\t\t\t\t\t<div class=\"elementor-column elementor-col-100 elementor-inner-column elementor-element elementor-element-5e05ab95\" data-id=\"5e05ab95\" data-element_type=\"column\" data-e-type=\"column\">\n\t\t\t<div class=\"elementor-widget-wrap elementor-element-populated\">\n\t\t\t\t\t\t<div class=\"elementor-element elementor-element-6a4b6a9e elementor-widget elementor-widget-text-editor\" data-id=\"6a4b6a9e\" data-element_type=\"widget\" data-e-type=\"widget\" data-widget_type=\"text-editor.default\">\n\t\t\t\t<div class=\"elementor-widget-container\">\n\t\t\t\t\t\t\t\t\t<p>Il est dipl\u00f4m\u00e9 de l&rsquo;Universit\u00e9 de Turin en 2009, avec une note de 110\/110, mention et les f\u00e9licitations et, depuis, soutient en qualit\u00e9 d\u2019expert de la mati\u00e8re les activit\u00e9s de la chaire de droit de proc\u00e9dure civile \u00e0 la Facult\u00e9 de droit de l&rsquo;Universit\u00e9 de Turin.<\/p>\n<p>Depuis 2009, il collabore avec la revue Giurisprudenza Italiana avec la r\u00e9daction d&rsquo;articles et de notes de jugement et, depuis 2015, avec la newsletter en ligne Euroconference.<\/p>\n<p>Il a exerc\u00e9 son activit\u00e9 juridique au sein du cabinet de l&rsquo;avocate Cecilia Ruggeri, avec laquelle il a collabor\u00e9 jusqu&rsquo;en avril 2015.<\/p>\n\t\t\t\t\t\t\t\t<\/div>\n\t\t\t\t<\/div>\n\t\t\t\t\t<\/div>\n\t\t<\/div>\n\t\t\t\t\t<\/div>\n\t\t<\/section>\n\t\t\t\t<section class=\"elementor-section elementor-inner-section elementor-element elementor-element-56e8c909 elementor-section-boxed elementor-section-height-default elementor-section-height-default\" data-id=\"56e8c909\" data-element_type=\"section\" data-e-type=\"section\">\n\t\t\t\t\t\t<div class=\"elementor-container elementor-column-gap-default\">\n\t\t\t\t\t<div class=\"elementor-column elementor-col-100 elementor-inner-column elementor-element elementor-element-6257b3cd elementor-invisible\" data-id=\"6257b3cd\" data-element_type=\"column\" data-e-type=\"column\" data-settings=\"{&quot;animation&quot;:&quot;fadeInRight&quot;}\">\n\t\t\t<div class=\"elementor-widget-wrap elementor-element-populated\">\n\t\t\t\t\t\t<div class=\"elementor-element elementor-element-5b9b7907 elementor-invisible elementor-widget elementor-widget-elementskit-accordion\" data-id=\"5b9b7907\" data-element_type=\"widget\" data-e-type=\"widget\" data-settings=\"{&quot;_animation&quot;:&quot;fadeInUp&quot;}\" data-widget_type=\"elementskit-accordion.default\">\n\t\t\t\t<div class=\"elementor-widget-container\">\n\t\t\t\t\t<div class=\"ekit-wid-con\" >\n        <div class=\"elementskit-accordion accoedion-primary\" id=\"accordion-69f5b590b56ec\">\n\n            \n                <div class=\"elementskit-card \">\n                    <div class=\"elementskit-card-header\" id=\"primaryHeading-0-5b9b7907\">\n                        <a href=\"#collapse-49fde3b69f5b590b56ec\" class=\"ekit-accordion--toggler elementskit-btn-link collapsed\" data-ekit-toggle=\"collapse\" data-target=\"#Collapse-49fde3b69f5b590b56ec\" aria-expanded=\"false\" aria-controls=\"Collapse-49fde3b69f5b590b56ec\">\n                            \n                            <span class=\"ekit-accordion-title\">Les publications<\/span>\n\n                            \n                                <div class=\"ekit_accordion_icon_group\">\n                                    <div class=\"ekit_accordion_normal_icon\">\n                                        <!-- Normal Icon -->\n\t\t\t\t\t\t\t\t\t\t<i class=\"icon icon-down-arrow1\"><\/i>                                    <\/div>\n\n                                    <div class=\"ekit_accordion_active_icon\">\n                                        <!-- Active Icon -->\n\t\t\t\t\t\t\t\t\t\t<i class=\"icon icon-up-arrow\"><\/i>                                    <\/div>\n                                <\/div>\n\n                            \n                                                    <\/a>\n                    <\/div>\n\n                    <div id=\"Collapse-49fde3b69f5b590b56ec\" class=\" collapse\" aria-labelledby=\"primaryHeading-0-5b9b7907\" data-parent=\"#accordion-69f5b590b56ec\">\n\n                        <div class=\"elementskit-card-body ekit-accordion--content\">\n                            <ol>\n<li><em>Sul termine a comparire del procedimento sommario di cognizione ex art. 702-bis c.p.c.<\/em>, dans <em>Trasformazioni e riforme del processo civile,<\/em> Auteurs nombreux, r\u00e9dig\u00e9 par Professeurs Alberto Ronco, Gabriella Rampazzi, Chiara Besso et Giorgio Frus, Zanichelli, Torino, 2015.<\/li>\n<li><em>La tenuta processuale delle clausole \u201cprobatorie\u201d nei rapporti consumeristici<\/em>, dans <em>Giur. it.,<\/em> dossier n. 1, 2021, Utet, Casarile (Mi).<\/li>\n<li>Note au Cassazione civile, Chambres r\u00e9unies, 17 Juillet 2009, n. 16628, dans <em>Giur. it<\/em>., dossier n. 5, Mai 2010, pagg. 1133\u20131139, Utet, Casarile (Mi): <em>Ricorso per cassazione confezionato mediante spillatura dell'atto introduttivo di primo grado e di tutti i successivi \u2013 inammissibilit\u00e0 ex art. 366, co. I, n. 3, c.p.c.<\/em><\/li>\n<li>Note au Cassazione civile, section II, 5 Mars 2010, n. 5440, dans <em>Giur. it<\/em>., dossier n. 12, D\u00e9cembre 2010, pagg. 2589\u20132595, Utet, Casarile (Mi): <em>Prova dans genere \u2013 prove atipiche \u2013 testimonianza scritta \u2013 ammissibilit\u00e0 \u2013 limiti ex artt. 2722 c.c. e 244 ss c.p.c.<\/em><\/li>\n<li>Note au Cassazione Civile, Ord., section II, 20 Juillet 2010, n. 17049, dans <em>Giur. it<\/em>., dossier n. 6, Juin 2011, pagg. 1356\u20131361, Utet, Casarile (Mi): <em>Procedimento per decreto ingiuntivo \u2013 competenza ex art. 637, comma 3\u00b0, c.p.c. \u2013 momento rilevante \u2013 deposito del ricorso<\/em>.<\/li>\n<li>Note au Tribunale Sulmona, Ord., 6 Octobre 2010, dans <em>Giur. it<\/em>., dossier n. 2, F\u00e9vrier 2012, pagg. 388\u2013392, Utet, Casarile (Mi): <em>Procedimento sommario di cognizione \u2013 applicabilit\u00e0 alle controversie soggette al rito lavoristico e rapporti con il principio di non contestazione ex art. 115, comma 1\u00b0, c.p.c.<\/em><\/li>\n<li>Note au Cassazione Civile, Chambres r\u00e9unies, 13 Juin 2011, n. 12898 et au Cassazione Civile, section III, 19 Septembre 2011, n. 19070, dans <em>Giur. it.,<\/em> dossier n. 7, Juillet 2012, pagg. 1647-1652, Utet, Casarile (Mi): <em>Decorrenza del termine breve di impugnazione a seguito di notifica della sentenza dans forma esecutiva ex art. 479 c.p.c.<\/em><\/li>\n<li>Note au Cassazione Civile, section VI, Ord., 2 Janvier 2012, n. 3, dans <em>Giur. it<\/em>., dossier n. 11, Novembre 2012, Utet, Casarile (Mi): <em>Procedimento sommario di cognizione - insuscettibilit\u00e0 di sospensione per pregiudizialit\u00e0-dipendenza e conseguente necessit\u00e0 di conversione dans rito ordinario ex art. 702 ter, comma 3\u00b0, c.p.c.<\/em><\/li>\n<li>Note r\u00e9dactionnelle au Cassazione Civile, section II, 19 Octobre 2012, n. 18048, dans <em>Giur. it.,<\/em> dossiers n. 7-8, Ao\u00fbt-Septembre 2013, pagg. 1867-1870, Utet, Casarile (Mi): <em>Appello civile \u2013 reiterata assenza dell'appellante dans sede di rinvio dell'udienza di prima comparizione \u2013 dichiarazione di improcedibilit\u00e0 dell'appello antecedente al decorso di un'ora dall'inizio dell'udienza \u2013 legittimit\u00e0.<\/em><\/li>\n<li>Note au Cassazione Civile, section VI, Ord., 22 Octobre 2012, n. 18137, dans <em>Giur. it<\/em>., 2013, Utet, Casarile (Mi): <em>Cassazione civile \u2013 ricorso contenente la mera riproduzione di tutti gli atti depositati dans primo e secondo grado e della sentenza pronunciata dans primo grado \u2013 inammissibilit\u00e0 ex art. 366, comma 1, n. 3, c.p.c.<\/em><\/li>\n<li>Note au Corte Costituzionale, 16 Janvier 2013, n. 10, dans <em>Giur. It.<\/em>, 2013, Utet, Casarile (Mi): <em>Procedimento civile \u2013 Nuovo procedimento sommario di cognizione \u2013 Cause di opposizione alla stima dell'indennit\u00e0 di espropriazione \u2013 Applicazione obbligatoria del rito sommario \u2013 Esclusione della facolt\u00e0 del giudice di convertire il rito dans ordinario \u2013 Evocazione di parametro inconferente \u2013 Insindacabilit\u00e0 della disciplina processuale di legge non manifestamente irragionevole \u2013 Mancata sperimentazione di un\u2019interpretazione <\/em>secundum Constitutionem<em> \u2013 Inammissibilit\u00e0 della questione.<\/em><\/li>\n<li>Note au Cassazione Civile, section VI, 18 F\u00e9vrier 2015, n. 3261, <em>Notificazione a mezzo posta e ritardo imputabile all\u2019agente postale. chi ne risponde?,<\/em> dans <em>Euroconference Legal<\/em>, magazine online: procedimento civile \u2013 notificazione \u2013 a mezzo posta \u2013 avviso di ricevimento \u2013 ritardato recapito \u2013 azione risarcitoria \u2013 legittimazione passiva \u2013 agente postale \u2013 esclusione.<\/li>\n<li>Note au Cassazione Civile, section II, ord., 14 Mai 2015, n. 9881, <em>Rigetto dell\u2019istanza di CTU e obbligo di motivazione<\/em>, dans <em>Euroconference Legal<\/em>, magazine online: procedimento civile \u2013 prova dans genere \u2013 consulenza tecnica d\u2019ufficio \u2013 richiesta di parte \u2013 rigetto \u2013 obbligo di motivazione della sentenza \u2013 sussistenza.<\/li>\n<li>Note au Cassazione Civile, section VI, Ord., 9 Juillet 2015, n. 14390, <em>Il foro convenzionale \u00abresiste\u00bb alla soppressione dell\u2019ufficio giudiziario<\/em>, dans <em>Euroconference Legal<\/em>, magazine online: procedimento civile \u2013 competenza per territorio \u2013 foro convenzionale \u2013 soppressione \u2013 inefficacia della clausola \u2013 insussistenza \u2013 competenza dell\u2019ufficio giudiziario c.d. attraente \u2013 sussistenza.<\/li>\n<li>Note au Cassazione Civile, Chambres r\u00e9unies, 4 D\u00e9cembre 2015, n. 24707, <em>Garanzia propria e garanzia impropria: le Chambres r\u00e9unies sanciscono la \u00abparit\u00e0 di trattamento\u00bb nel processo<\/em>, dans <em>Euroconference Legal<\/em>, magazine online: procedimento civile \u2013 assicurazione non obbligatoria della responsabilit\u00e0 civile \u2013 distinzione tra garanzia propria e impropria \u2013 ai fini della competenza territoriale per connessione \u2013 ai fini della chiamata del garante \u2013 ai fini dell\u2019estromissione del garantito \u2013 ai fini dell\u2019estensione soggettiva dell\u2019impugnazione \u2013 rilevanza \u2013 insussistenza; appello civile \u2013 assicurazione non obbligatoria della responsabilit\u00e0 civile \u2013 impugnazione del garante anche contro l\u2019accertamento dell\u2019obbligo principale risarcitorio \u2013 cause inscindibili \u2013 sussistenza \u2013 distinzione tra garanzia propria e impropria \u2013 rilevanza \u2013 insussistenza \u2013 riforma della sentenza \u2013 nei confronti di tutte le parti \u2013 sussistenza.<\/li>\n<li>Note au Tribunale Torino, Ord., 30 Janvier 2016, <em>Compensazione delle spese processuali. il \u00abnuovo\u00bb art. 92 c.p.c. rimesso alla corte costituzionale<\/em>, dans <em>Euroconference Legal<\/em>, magazine online: spese processuali \u2013 compensazione \u2013 ipotesi \u2013 tassativit\u00e0 \u2013 potere discrezionale del giudice \u2013 insussistenza \u2013 violazione dei principi di ragionevolezza e di uguaglianza, del diritto di agire dans giudizio e del principio del giusto processo \u2013 questione di legittimit\u00e0 costituzionale.<\/li>\n<li>Note au Cassazione Civile, Chambres r\u00e9unies, 15 Juillet 2016, n. 14594, <em>Notifica non andata a buon fine e rinotifica fuori tempo massimo. le Chambres r\u00e9unies indicano una \u201cfinestra temporale\u201d<\/em>, dans <em>Euroconference Legal<\/em>, magazine online: notificazione \u2013 mancato perfezionamento \u2013 causa non imputabile \u2013 rinnovazione della notificazione \u2013 perfezionamento \u2013 decadenza dell\u2019istante \u2013 regola della scissione cronologica degli effetti della notificazione \u2013 momento rilevante \u2013 prima consegna dell\u2019atto all\u2019ufficiale giudiziario \u2013 nuova richiesta di notificazione \u2013 limiti cronologici \u2013 sussistenza.<\/li>\n<li>Note au Tribunale Genova, 28 Octobre 2016, <em>Doppia condanna per responsabilit\u00e0 aggravata? Anche no<\/em>, dans <em>Euroconference Legal<\/em>, magazine online: responsabilit\u00e0 aggravata per lite temeraria \u2013 sussistenza del danno \u2013 prova presuntiva \u2013 sulla base degli atti di causa \u2013 ammissibilit\u00e0 \u2013 quantificazione del danno \u2013 riadattamento parametri per la quantificazione dell\u2019indennizzo dovuto per l\u2019eccessiva durata del processo \u2013 applicabilit\u00e0; responsabilit\u00e0 aggravata per lite temeraria \u2013 condanna ex art. 96, comma 1, c.p.c. \u2013 condanna contestuale al pagamento di una somma equitativamente determinata ex art. 96, comma 3, c.p.c. \u2013 legittimit\u00e0.<\/li>\n<li>Note au Tribunale Torino, 13 F\u00e9vrier 2017, <em>Spese processuali e principio di soccombenza: le deroghe previste dall\u2019art. 92 c.p.c. non sono tassative<\/em>, dans <em>Euroconference Legal<\/em>, magazine online: spese processuali \u2013 compensazione ex art. 92, comma 2, c.p.c. \u2013 rito del lavoro \u2013 interpretazione costituzionalmente orientata \u2013 tassativit\u00e0 delle ipotesi di legge \u2013 esclusione \u2013 soccombenza incolpevole per ragioni di fatto \u2013 analogia iuris \u2013 applicabilit\u00e0 \u2013 potere discrezionale del giudice di compensare le spese \u2013 sussistenza.<\/li>\n<\/ol>\n                        <\/div>\n\n                    <\/div>\n\n                <\/div><!-- .elementskit-card END -->\n\n                                        <\/div>\n    <\/div>\t\t\t\t<\/div>\n\t\t\t\t<\/div>\n\t\t\t\t\t<\/div>\n\t\t<\/div>\n\t\t\t\t\t<\/div>\n\t\t<\/section>\n\t\t\t\t\t<\/div>\n\t\t<\/div>\n\t\t\t\t\t<\/div>\n\t\t<\/section>\n\t\t\t\t<\/div>\n\t\t","protected":false},"excerpt":{"rendered":"<p>Avocat Claudio Bechis claudio.bechis@studiolegalefrus.it T\u00e9l +39 011 56 20 257T\u00e9l +39 011 56 13 240T\u00e9l\u00e9copie +39 011 54 63 23 FORMATION: Universit\u00e9 de Turin, dipl\u00f4m\u00e9 en droit HABILITATIONS: avocat inscrit au Barreau de Turin LANGUES \u00c9TRANG\u00c8RES: anglais, fran\u00e7ais et espagnol Claudio Bechis collabore avec l&rsquo;association professionnelle Frus e Associati depuis mai 2015. Il exerce son [&hellip;]<\/p>\n","protected":false},"author":5,"featured_media":0,"parent":731,"menu_order":0,"comment_status":"closed","ping_status":"closed","template":"fullwidth-no-container.php","meta":{"footnotes":""},"class_list":["post-715","page","type-page","status-publish","hentry"],"yoast_head":"<!-- This site is optimized with the Yoast SEO plugin v27.5 - https:\/\/yoast.com\/product\/yoast-seo-wordpress\/ -->\n<title>Claudio Bechis - Studio Legale Frus<\/title>\n<meta name=\"robots\" content=\"index, follow, max-snippet:-1, max-image-preview:large, max-video-preview:-1\" \/>\n<link rel=\"canonical\" href=\"https:\/\/www.fruseassociati.it\/fr\/les-professionnels\/claudio-bechis\/\" \/>\n<meta property=\"og:locale\" content=\"fr_FR\" \/>\n<meta property=\"og:type\" content=\"article\" \/>\n<meta property=\"og:title\" content=\"Claudio Bechis - Studio Legale Frus\" \/>\n<meta property=\"og:description\" content=\"Avocat Claudio Bechis claudio.bechis@studiolegalefrus.it T\u00e9l +39 011 56 20 257T\u00e9l +39 011 56 13 240T\u00e9l\u00e9copie +39 011 54 63 23 FORMATION: Universit\u00e9 de Turin, dipl\u00f4m\u00e9 en droit HABILITATIONS: avocat inscrit au Barreau de Turin LANGUES \u00c9TRANG\u00c8RES: anglais, fran\u00e7ais et espagnol Claudio Bechis collabore avec l&rsquo;association professionnelle Frus e Associati depuis mai 2015. Il exerce son [&hellip;]\" \/>\n<meta property=\"og:url\" content=\"https:\/\/www.fruseassociati.it\/fr\/les-professionnels\/claudio-bechis\/\" \/>\n<meta property=\"og:site_name\" content=\"Studio Legale Frus\" \/>\n<meta property=\"article:modified_time\" content=\"2025-11-28T15:22:59+00:00\" \/>\n<meta property=\"og:image\" content=\"https:\/\/www.fruseassociati.it\/wp-content\/uploads\/2021\/10\/A7303610-a942009a-264w.webp\" \/>\n\t<meta property=\"og:image:width\" content=\"260\" \/>\n\t<meta property=\"og:image:height\" content=\"332\" \/>\n\t<meta property=\"og:image:type\" content=\"image\/webp\" \/>\n<meta name=\"twitter:card\" content=\"summary_large_image\" \/>\n<meta name=\"twitter:label1\" content=\"Dur\u00e9e de lecture estim\u00e9e\" \/>\n\t<meta name=\"twitter:data1\" content=\"2 minutes\" \/>\n<script type=\"application\/ld+json\" class=\"yoast-schema-graph\">{\"@context\":\"https:\\\/\\\/schema.org\",\"@graph\":[{\"@type\":\"WebPage\",\"@id\":\"https:\\\/\\\/www.fruseassociati.it\\\/fr\\\/les-professionnels\\\/claudio-bechis\\\/\",\"url\":\"https:\\\/\\\/www.fruseassociati.it\\\/fr\\\/les-professionnels\\\/claudio-bechis\\\/\",\"name\":\"Claudio Bechis - Studio Legale Frus\",\"isPartOf\":{\"@id\":\"https:\\\/\\\/www.fruseassociati.it\\\/fr\\\/#website\"},\"primaryImageOfPage\":{\"@id\":\"https:\\\/\\\/www.fruseassociati.it\\\/fr\\\/les-professionnels\\\/claudio-bechis\\\/#primaryimage\"},\"image\":{\"@id\":\"https:\\\/\\\/www.fruseassociati.it\\\/fr\\\/les-professionnels\\\/claudio-bechis\\\/#primaryimage\"},\"thumbnailUrl\":\"https:\\\/\\\/www.fruseassociati.it\\\/wp-content\\\/uploads\\\/2021\\\/10\\\/A7303610-a942009a-264w.webp\",\"datePublished\":\"2021-11-02T14:43:19+00:00\",\"dateModified\":\"2025-11-28T15:22:59+00:00\",\"breadcrumb\":{\"@id\":\"https:\\\/\\\/www.fruseassociati.it\\\/fr\\\/les-professionnels\\\/claudio-bechis\\\/#breadcrumb\"},\"inLanguage\":\"fr-FR\",\"potentialAction\":[{\"@type\":\"ReadAction\",\"target\":[\"https:\\\/\\\/www.fruseassociati.it\\\/fr\\\/les-professionnels\\\/claudio-bechis\\\/\"]}]},{\"@type\":\"ImageObject\",\"inLanguage\":\"fr-FR\",\"@id\":\"https:\\\/\\\/www.fruseassociati.it\\\/fr\\\/les-professionnels\\\/claudio-bechis\\\/#primaryimage\",\"url\":\"https:\\\/\\\/www.fruseassociati.it\\\/wp-content\\\/uploads\\\/2021\\\/10\\\/A7303610-a942009a-264w.webp\",\"contentUrl\":\"https:\\\/\\\/www.fruseassociati.it\\\/wp-content\\\/uploads\\\/2021\\\/10\\\/A7303610-a942009a-264w.webp\"},{\"@type\":\"BreadcrumbList\",\"@id\":\"https:\\\/\\\/www.fruseassociati.it\\\/fr\\\/les-professionnels\\\/claudio-bechis\\\/#breadcrumb\",\"itemListElement\":[{\"@type\":\"ListItem\",\"position\":1,\"name\":\"Home\",\"item\":\"https:\\\/\\\/www.fruseassociati.it\\\/fr\\\/\"},{\"@type\":\"ListItem\",\"position\":2,\"name\":\"Les professionnels\",\"item\":\"https:\\\/\\\/www.fruseassociati.it\\\/fr\\\/i-professionisti\\\/\"},{\"@type\":\"ListItem\",\"position\":3,\"name\":\"Claudio Bechis\"}]},{\"@type\":\"WebSite\",\"@id\":\"https:\\\/\\\/www.fruseassociati.it\\\/fr\\\/#website\",\"url\":\"https:\\\/\\\/www.fruseassociati.it\\\/fr\\\/\",\"name\":\"Studio Legale Frus\",\"description\":\"\",\"potentialAction\":[{\"@type\":\"SearchAction\",\"target\":{\"@type\":\"EntryPoint\",\"urlTemplate\":\"https:\\\/\\\/www.fruseassociati.it\\\/fr\\\/?s={search_term_string}\"},\"query-input\":{\"@type\":\"PropertyValueSpecification\",\"valueRequired\":true,\"valueName\":\"search_term_string\"}}],\"inLanguage\":\"fr-FR\"}]}<\/script>\n<!-- \/ Yoast SEO plugin. -->","yoast_head_json":{"title":"Claudio Bechis - Studio Legale Frus","robots":{"index":"index","follow":"follow","max-snippet":"max-snippet:-1","max-image-preview":"max-image-preview:large","max-video-preview":"max-video-preview:-1"},"canonical":"https:\/\/www.fruseassociati.it\/fr\/les-professionnels\/claudio-bechis\/","og_locale":"fr_FR","og_type":"article","og_title":"Claudio Bechis - Studio Legale Frus","og_description":"Avocat Claudio Bechis claudio.bechis@studiolegalefrus.it T\u00e9l +39 011 56 20 257T\u00e9l +39 011 56 13 240T\u00e9l\u00e9copie +39 011 54 63 23 FORMATION: Universit\u00e9 de Turin, dipl\u00f4m\u00e9 en droit HABILITATIONS: avocat inscrit au Barreau de Turin LANGUES \u00c9TRANG\u00c8RES: anglais, fran\u00e7ais et espagnol Claudio Bechis collabore avec l&rsquo;association professionnelle Frus e Associati depuis mai 2015. Il exerce son [&hellip;]","og_url":"https:\/\/www.fruseassociati.it\/fr\/les-professionnels\/claudio-bechis\/","og_site_name":"Studio Legale Frus","article_modified_time":"2025-11-28T15:22:59+00:00","og_image":[{"width":260,"height":332,"url":"https:\/\/www.fruseassociati.it\/wp-content\/uploads\/2021\/10\/A7303610-a942009a-264w.webp","type":"image\/webp"}],"twitter_card":"summary_large_image","twitter_misc":{"Dur\u00e9e de lecture estim\u00e9e":"2 minutes"},"schema":{"@context":"https:\/\/schema.org","@graph":[{"@type":"WebPage","@id":"https:\/\/www.fruseassociati.it\/fr\/les-professionnels\/claudio-bechis\/","url":"https:\/\/www.fruseassociati.it\/fr\/les-professionnels\/claudio-bechis\/","name":"Claudio Bechis - Studio Legale Frus","isPartOf":{"@id":"https:\/\/www.fruseassociati.it\/fr\/#website"},"primaryImageOfPage":{"@id":"https:\/\/www.fruseassociati.it\/fr\/les-professionnels\/claudio-bechis\/#primaryimage"},"image":{"@id":"https:\/\/www.fruseassociati.it\/fr\/les-professionnels\/claudio-bechis\/#primaryimage"},"thumbnailUrl":"https:\/\/www.fruseassociati.it\/wp-content\/uploads\/2021\/10\/A7303610-a942009a-264w.webp","datePublished":"2021-11-02T14:43:19+00:00","dateModified":"2025-11-28T15:22:59+00:00","breadcrumb":{"@id":"https:\/\/www.fruseassociati.it\/fr\/les-professionnels\/claudio-bechis\/#breadcrumb"},"inLanguage":"fr-FR","potentialAction":[{"@type":"ReadAction","target":["https:\/\/www.fruseassociati.it\/fr\/les-professionnels\/claudio-bechis\/"]}]},{"@type":"ImageObject","inLanguage":"fr-FR","@id":"https:\/\/www.fruseassociati.it\/fr\/les-professionnels\/claudio-bechis\/#primaryimage","url":"https:\/\/www.fruseassociati.it\/wp-content\/uploads\/2021\/10\/A7303610-a942009a-264w.webp","contentUrl":"https:\/\/www.fruseassociati.it\/wp-content\/uploads\/2021\/10\/A7303610-a942009a-264w.webp"},{"@type":"BreadcrumbList","@id":"https:\/\/www.fruseassociati.it\/fr\/les-professionnels\/claudio-bechis\/#breadcrumb","itemListElement":[{"@type":"ListItem","position":1,"name":"Home","item":"https:\/\/www.fruseassociati.it\/fr\/"},{"@type":"ListItem","position":2,"name":"Les professionnels","item":"https:\/\/www.fruseassociati.it\/fr\/i-professionisti\/"},{"@type":"ListItem","position":3,"name":"Claudio Bechis"}]},{"@type":"WebSite","@id":"https:\/\/www.fruseassociati.it\/fr\/#website","url":"https:\/\/www.fruseassociati.it\/fr\/","name":"Studio Legale Frus","description":"","potentialAction":[{"@type":"SearchAction","target":{"@type":"EntryPoint","urlTemplate":"https:\/\/www.fruseassociati.it\/fr\/?s={search_term_string}"},"query-input":{"@type":"PropertyValueSpecification","valueRequired":true,"valueName":"search_term_string"}}],"inLanguage":"fr-FR"}]}},"_links":{"self":[{"href":"https:\/\/www.fruseassociati.it\/fr\/wp-json\/wp\/v2\/pages\/715","targetHints":{"allow":["GET"]}}],"collection":[{"href":"https:\/\/www.fruseassociati.it\/fr\/wp-json\/wp\/v2\/pages"}],"about":[{"href":"https:\/\/www.fruseassociati.it\/fr\/wp-json\/wp\/v2\/types\/page"}],"author":[{"embeddable":true,"href":"https:\/\/www.fruseassociati.it\/fr\/wp-json\/wp\/v2\/users\/5"}],"replies":[{"embeddable":true,"href":"https:\/\/www.fruseassociati.it\/fr\/wp-json\/wp\/v2\/comments?post=715"}],"version-history":[{"count":15,"href":"https:\/\/www.fruseassociati.it\/fr\/wp-json\/wp\/v2\/pages\/715\/revisions"}],"predecessor-version":[{"id":3013,"href":"https:\/\/www.fruseassociati.it\/fr\/wp-json\/wp\/v2\/pages\/715\/revisions\/3013"}],"up":[{"embeddable":true,"href":"https:\/\/www.fruseassociati.it\/fr\/wp-json\/wp\/v2\/pages\/731"}],"wp:attachment":[{"href":"https:\/\/www.fruseassociati.it\/fr\/wp-json\/wp\/v2\/media?parent=715"}],"curies":[{"name":"wp","href":"https:\/\/api.w.org\/{rel}","templated":true}]}}