{"id":705,"date":"2021-11-02T14:48:17","date_gmt":"2021-11-02T13:48:17","guid":{"rendered":"https:\/\/studiofrus.archibuzz.tech\/andrea-buchicchio\/"},"modified":"2025-04-14T16:50:39","modified_gmt":"2025-04-14T14:50:39","slug":"andrea-buchicchio","status":"publish","type":"page","link":"https:\/\/www.fruseassociati.it\/fr\/les-professionnels\/andrea-buchicchio\/","title":{"rendered":"Andrea Buchicchio"},"content":{"rendered":"\t\t<div data-elementor-type=\"wp-page\" data-elementor-id=\"705\" class=\"elementor elementor-705 elementor-376\">\n\t\t\t\t\t\t<section class=\"elementor-section elementor-top-section elementor-element elementor-element-6ccd2df2 elementor-section-full_width elementor-section-height-min-height page-header professionisti elementor-section-height-default elementor-section-items-middle\" data-id=\"6ccd2df2\" data-element_type=\"section\" data-e-type=\"section\" data-settings=\"{&quot;background_background&quot;:&quot;classic&quot;}\">\n\t\t\t\t\t\t<div class=\"elementor-container elementor-column-gap-default\">\n\t\t\t\t\t<div class=\"elementor-column elementor-col-100 elementor-top-column elementor-element elementor-element-56074ac4\" data-id=\"56074ac4\" data-element_type=\"column\" data-e-type=\"column\">\n\t\t\t<div class=\"elementor-widget-wrap elementor-element-populated\">\n\t\t\t\t\t\t<section class=\"elementor-section elementor-inner-section elementor-element elementor-element-58c88b1d prof-title elementor-section-boxed elementor-section-height-default elementor-section-height-default elementor-invisible\" data-id=\"58c88b1d\" data-element_type=\"section\" data-e-type=\"section\" data-settings=\"{&quot;animation&quot;:&quot;fadeInLeft&quot;}\">\n\t\t\t\t\t\t<div class=\"elementor-container elementor-column-gap-default\">\n\t\t\t\t\t<div class=\"elementor-column elementor-col-100 elementor-inner-column elementor-element elementor-element-10c5fdd4\" data-id=\"10c5fdd4\" data-element_type=\"column\" data-e-type=\"column\">\n\t\t\t<div class=\"elementor-widget-wrap elementor-element-populated\">\n\t\t\t\t\t\t<div class=\"elementor-element elementor-element-319f31c1 elementor-widget elementor-widget-heading\" data-id=\"319f31c1\" data-element_type=\"widget\" data-e-type=\"widget\" data-widget_type=\"heading.default\">\n\t\t\t\t<div class=\"elementor-widget-container\">\n\t\t\t\t\t<h1 class=\"elementor-heading-title elementor-size-default\">Avocat Andrea Buchicchio<\/h1>\t\t\t\t<\/div>\n\t\t\t\t<\/div>\n\t\t\t\t<div class=\"elementor-element elementor-element-4acb0dc8 elementor-widget elementor-widget-heading\" data-id=\"4acb0dc8\" data-element_type=\"widget\" data-e-type=\"widget\" data-widget_type=\"heading.default\">\n\t\t\t\t<div class=\"elementor-widget-container\">\n\t\t\t\t\t<h3 class=\"elementor-heading-title elementor-size-default\">Avocat \u00e0 la Cour de Cassation<\/h3>\t\t\t\t<\/div>\n\t\t\t\t<\/div>\n\t\t\t\t\t<\/div>\n\t\t<\/div>\n\t\t\t\t\t<\/div>\n\t\t<\/section>\n\t\t\t\t<section class=\"elementor-section elementor-inner-section elementor-element elementor-element-7f1b7638 prof-info elementor-section-boxed elementor-section-height-default elementor-section-height-default\" data-id=\"7f1b7638\" data-element_type=\"section\" data-e-type=\"section\">\n\t\t\t\t\t\t<div class=\"elementor-container elementor-column-gap-default\">\n\t\t\t\t\t<div class=\"elementor-column elementor-col-50 elementor-inner-column elementor-element elementor-element-63ebc043\" data-id=\"63ebc043\" data-element_type=\"column\" data-e-type=\"column\">\n\t\t\t<div class=\"elementor-widget-wrap elementor-element-populated\">\n\t\t\t\t\t\t<div class=\"elementor-element elementor-element-11fda4ed elementor-invisible elementor-widget elementor-widget-text-editor\" data-id=\"11fda4ed\" data-element_type=\"widget\" data-e-type=\"widget\" data-settings=\"{&quot;_animation&quot;:&quot;fadeInLeft&quot;}\" data-widget_type=\"text-editor.default\">\n\t\t\t\t<div class=\"elementor-widget-container\">\n\t\t\t\t\t\t\t\t\t<p><span style=\"text-decoration: underline;\"><a href=\"mailto:andrea.buchicchio@studiolegalefrus.it\">andrea.buchicchio@studiolegalefrus.it<\/a><\/span><\/p><p><a href=\"tel:00390115620257\">T\u00e9l +39 011 56 20 257<\/a><br \/><a href=\"tel:00390115620257\">T\u00e9l +39 011 56 13 240<\/a><br \/><a>T\u00e9l\u00e9copie +39 011 54 63 23<\/a><\/p>\t\t\t\t\t\t\t\t<\/div>\n\t\t\t\t<\/div>\n\t\t\t\t\t<\/div>\n\t\t<\/div>\n\t\t\t\t<div class=\"elementor-column elementor-col-50 elementor-inner-column elementor-element elementor-element-d40cf9\" data-id=\"d40cf9\" data-element_type=\"column\" data-e-type=\"column\">\n\t\t\t<div class=\"elementor-widget-wrap elementor-element-populated\">\n\t\t\t\t\t\t<div class=\"elementor-element elementor-element-1d20d367 elementor-invisible elementor-widget elementor-widget-text-editor\" data-id=\"1d20d367\" data-element_type=\"widget\" data-e-type=\"widget\" data-settings=\"{&quot;_animation&quot;:&quot;fadeInRight&quot;}\" data-widget_type=\"text-editor.default\">\n\t\t\t\t<div class=\"elementor-widget-container\">\n\t\t\t\t\t\t\t\t\t<p><strong><span class=\"\">FORMATION: <\/span><\/strong><span class=\"\">Universit\u00e9 de Turin, dipl\u00f4m\u00e9 en droit<\/span><br \/>Membre du CSND &#8211; Centre National d\u2019\u00e9tudes du Droit du Travail Domenico Napoletano &#8211; de l&rsquo;Association italienne des sp\u00e9cialistes de la proc\u00e9dure civile, de l&rsquo;AGI<\/p><p><strong><span class=\"\">HABILITATIONS: <\/span><\/strong><span class=\"\">avocat\u00a0<\/span><span class=\"\">inscrit\u00a0<\/span>au Barreau de Turin<\/p><p><strong><span class=\"\">LANGUES \u00c9TRANG\u00c8RES: <\/span><\/strong>anglais<\/p>\t\t\t\t\t\t\t\t<\/div>\n\t\t\t\t<\/div>\n\t\t\t\t\t<\/div>\n\t\t<\/div>\n\t\t\t\t\t<\/div>\n\t\t<\/section>\n\t\t\t\t\t<\/div>\n\t\t<\/div>\n\t\t\t\t\t<\/div>\n\t\t<\/section>\n\t\t\t\t<section class=\"elementor-section elementor-top-section elementor-element elementor-element-54d44d59 elementor-section-boxed elementor-section-height-default elementor-section-height-default\" data-id=\"54d44d59\" data-element_type=\"section\" data-e-type=\"section\">\n\t\t\t\t\t\t<div class=\"elementor-container elementor-column-gap-default\">\n\t\t\t\t\t<div class=\"elementor-column elementor-col-100 elementor-top-column elementor-element elementor-element-5d4eaacd\" data-id=\"5d4eaacd\" data-element_type=\"column\" data-e-type=\"column\">\n\t\t\t<div class=\"elementor-widget-wrap elementor-element-populated\">\n\t\t\t\t\t\t<section class=\"elementor-section elementor-inner-section elementor-element elementor-element-6a16b04b elementor-section-boxed elementor-section-height-default elementor-section-height-default\" data-id=\"6a16b04b\" data-element_type=\"section\" data-e-type=\"section\">\n\t\t\t\t\t\t<div class=\"elementor-container elementor-column-gap-default\">\n\t\t\t\t\t<div class=\"elementor-column elementor-col-50 elementor-inner-column elementor-element elementor-element-60db9ccc\" data-id=\"60db9ccc\" data-element_type=\"column\" data-e-type=\"column\">\n\t\t\t<div class=\"elementor-widget-wrap elementor-element-populated\">\n\t\t\t\t\t\t<div class=\"elementor-element elementor-element-3f9f4913 elementor-invisible elementor-widget elementor-widget-text-editor\" data-id=\"3f9f4913\" data-element_type=\"widget\" data-e-type=\"widget\" data-settings=\"{&quot;_animation&quot;:&quot;fadeInLeft&quot;}\" data-widget_type=\"text-editor.default\">\n\t\t\t\t<div class=\"elementor-widget-container\">\n\t\t\t\t\t\t\t\t\t<p>Il est membre de l&rsquo;association professionnelle Frus e Associati depuis sa cr\u00e9ation le 1er janvier 2015. Dipl\u00f4m\u00e9 en droit de l&rsquo;Universit\u00e9 de Turin, il a commenc\u00e9 \u00e0 collaborer avec le cabinet d&rsquo;avocats Frus en 1993. Avocat depuis 1999, il exerce une activit\u00e9 professionnelle de conseil et d&rsquo;assistance judiciaire, extrajudiciaire et arbitrale dans le domaine du droit du travail, du droit civil et du droit commercial.<\/p>\n<p>Au fil des ann\u00e9es, il a acquis une exp\u00e9rience dans de nombreux secteurs (ing\u00e9nierie, \u00e9lectricit\u00e9, commerce, tertiaire et services, t\u00e9l\u00e9communications, banque, formation professionnelle, sant\u00e9, multiservice, coop\u00e9rative, \u00e9dition et journalisme) abordant des probl\u00e9matiques li\u00e9es \u00e0 diff\u00e9rents domaines.<\/p>\n\t\t\t\t\t\t\t\t<\/div>\n\t\t\t\t<\/div>\n\t\t\t\t\t<\/div>\n\t\t<\/div>\n\t\t\t\t<div class=\"elementor-column elementor-col-50 elementor-inner-column elementor-element elementor-element-5e20d701\" data-id=\"5e20d701\" data-element_type=\"column\" data-e-type=\"column\">\n\t\t\t<div class=\"elementor-widget-wrap elementor-element-populated\">\n\t\t\t\t\t\t<div class=\"elementor-element elementor-element-5fc84138 elementor-invisible elementor-widget elementor-widget-image\" data-id=\"5fc84138\" data-element_type=\"widget\" data-e-type=\"widget\" data-settings=\"{&quot;_animation&quot;:&quot;fadeInRight&quot;}\" data-widget_type=\"image.default\">\n\t\t\t\t<div class=\"elementor-widget-container\">\n\t\t\t\t\t\t\t\t\t\t\t\t\t\t\t<img fetchpriority=\"high\" decoding=\"async\" width=\"260\" height=\"338\" src=\"https:\/\/www.fruseassociati.it\/wp-content\/uploads\/2021\/10\/A7303384-49d8be65-264w.webp\" class=\"attachment-large size-large wp-image-647\" alt=\"studio\" srcset=\"https:\/\/www.fruseassociati.it\/wp-content\/uploads\/2021\/10\/A7303384-49d8be65-264w.webp 260w, https:\/\/www.fruseassociati.it\/wp-content\/uploads\/2021\/10\/A7303384-49d8be65-264w-231x300.webp 231w\" sizes=\"(max-width: 260px) 100vw, 260px\" \/>\t\t\t\t\t\t\t\t\t\t\t\t\t\t\t<\/div>\n\t\t\t\t<\/div>\n\t\t\t\t\t<\/div>\n\t\t<\/div>\n\t\t\t\t\t<\/div>\n\t\t<\/section>\n\t\t\t\t<section class=\"elementor-section elementor-inner-section elementor-element elementor-element-15163d83 elementor-section-boxed elementor-section-height-default elementor-section-height-default elementor-invisible\" data-id=\"15163d83\" data-element_type=\"section\" data-e-type=\"section\" data-settings=\"{&quot;animation&quot;:&quot;fadeInUp&quot;}\">\n\t\t\t\t\t\t<div class=\"elementor-container elementor-column-gap-default\">\n\t\t\t\t\t<div class=\"elementor-column elementor-col-100 elementor-inner-column elementor-element elementor-element-79c058fb\" data-id=\"79c058fb\" data-element_type=\"column\" data-e-type=\"column\">\n\t\t\t<div class=\"elementor-widget-wrap elementor-element-populated\">\n\t\t\t\t\t\t<div class=\"elementor-element elementor-element-730839e9 elementor-widget elementor-widget-text-editor\" data-id=\"730839e9\" data-element_type=\"widget\" data-e-type=\"widget\" data-widget_type=\"text-editor.default\">\n\t\t\t\t<div class=\"elementor-widget-container\">\n\t\t\t\t\t\t\t\t\t<p>(qualification de la nature de la relation de travail, contrats de travail et collaboration autonome, proc\u00e9dures disciplinaires et licenciements individuels, droit syndical, proc\u00e9dures de changement de contrat, processus de restructuration, r\u00e9organisation et r\u00e9duction de personnel, licenciements collectifs, transferts de succursales, fonctions et classification, transferts de personnel, pr\u00e9vention et s\u00e9curit\u00e9 au travail, accidents du travail et maladies professionnelles, appels d&rsquo;offres, relations d&rsquo;agence et n\u00e9gociations syndicales).<\/p>\n\t\t\t\t\t\t\t\t<\/div>\n\t\t\t\t<\/div>\n\t\t\t\t\t<\/div>\n\t\t<\/div>\n\t\t\t\t\t<\/div>\n\t\t<\/section>\n\t\t\t\t<section class=\"elementor-section elementor-inner-section elementor-element elementor-element-55e60a33 elementor-section-boxed elementor-section-height-default elementor-section-height-default\" data-id=\"55e60a33\" data-element_type=\"section\" data-e-type=\"section\">\n\t\t\t\t\t\t<div class=\"elementor-container elementor-column-gap-default\">\n\t\t\t\t\t<div class=\"elementor-column elementor-col-100 elementor-inner-column elementor-element elementor-element-7484300 elementor-invisible\" data-id=\"7484300\" data-element_type=\"column\" data-e-type=\"column\" data-settings=\"{&quot;animation&quot;:&quot;fadeInRight&quot;}\">\n\t\t\t<div class=\"elementor-widget-wrap\">\n\t\t\t\t\t\t\t<\/div>\n\t\t<\/div>\n\t\t\t\t\t<\/div>\n\t\t<\/section>\n\t\t\t\t\t<\/div>\n\t\t<\/div>\n\t\t\t\t\t<\/div>\n\t\t<\/section>\n\t\t\t\t<\/div>\n\t\t","protected":false},"excerpt":{"rendered":"<p>Avocat Andrea Buchicchio Avocat \u00e0 la Cour de Cassation andrea.buchicchio@studiolegalefrus.it T\u00e9l +39 011 56 20 257T\u00e9l +39 011 56 13 240T\u00e9l\u00e9copie +39 011 54 63 23 FORMATION: Universit\u00e9 de Turin, dipl\u00f4m\u00e9 en droitMembre du CSND &#8211; Centre National d\u2019\u00e9tudes du Droit du Travail Domenico Napoletano &#8211; de l&rsquo;Association italienne des sp\u00e9cialistes de la proc\u00e9dure civile, [&hellip;]<\/p>\n","protected":false},"author":5,"featured_media":0,"parent":731,"menu_order":0,"comment_status":"closed","ping_status":"closed","template":"fullwidth-no-container.php","meta":{"footnotes":""},"class_list":["post-705","page","type-page","status-publish","hentry"],"yoast_head":"<!-- This site is optimized with the Yoast SEO plugin v27.5 - https:\/\/yoast.com\/product\/yoast-seo-wordpress\/ -->\n<title>Andrea Buchicchio - Studio Legale Frus<\/title>\n<meta name=\"robots\" content=\"index, follow, max-snippet:-1, max-image-preview:large, max-video-preview:-1\" \/>\n<link rel=\"canonical\" href=\"https:\/\/www.fruseassociati.it\/fr\/les-professionnels\/andrea-buchicchio\/\" \/>\n<meta property=\"og:locale\" content=\"fr_FR\" \/>\n<meta property=\"og:type\" content=\"article\" \/>\n<meta property=\"og:title\" content=\"Andrea Buchicchio - Studio Legale Frus\" \/>\n<meta property=\"og:description\" content=\"Avocat Andrea Buchicchio Avocat \u00e0 la Cour de Cassation andrea.buchicchio@studiolegalefrus.it T\u00e9l +39 011 56 20 257T\u00e9l +39 011 56 13 240T\u00e9l\u00e9copie +39 011 54 63 23 FORMATION: Universit\u00e9 de Turin, dipl\u00f4m\u00e9 en droitMembre du CSND &#8211; Centre National d\u2019\u00e9tudes du Droit du Travail Domenico Napoletano &#8211; de l&rsquo;Association italienne des sp\u00e9cialistes de la proc\u00e9dure civile, [&hellip;]\" \/>\n<meta property=\"og:url\" content=\"https:\/\/www.fruseassociati.it\/fr\/les-professionnels\/andrea-buchicchio\/\" \/>\n<meta property=\"og:site_name\" content=\"Studio Legale Frus\" \/>\n<meta property=\"article:modified_time\" content=\"2025-04-14T14:50:39+00:00\" \/>\n<meta property=\"og:image\" content=\"https:\/\/www.fruseassociati.it\/wp-content\/uploads\/2021\/10\/A7303384-49d8be65-264w.webp\" \/>\n\t<meta property=\"og:image:width\" content=\"260\" \/>\n\t<meta property=\"og:image:height\" content=\"338\" \/>\n\t<meta property=\"og:image:type\" content=\"image\/webp\" \/>\n<meta name=\"twitter:card\" content=\"summary_large_image\" \/>\n<meta name=\"twitter:label1\" content=\"Dur\u00e9e de lecture estim\u00e9e\" \/>\n\t<meta name=\"twitter:data1\" content=\"2 minutes\" \/>\n<script type=\"application\/ld+json\" class=\"yoast-schema-graph\">{\"@context\":\"https:\\\/\\\/schema.org\",\"@graph\":[{\"@type\":\"WebPage\",\"@id\":\"https:\\\/\\\/www.fruseassociati.it\\\/fr\\\/les-professionnels\\\/andrea-buchicchio\\\/\",\"url\":\"https:\\\/\\\/www.fruseassociati.it\\\/fr\\\/les-professionnels\\\/andrea-buchicchio\\\/\",\"name\":\"Andrea Buchicchio - Studio Legale Frus\",\"isPartOf\":{\"@id\":\"https:\\\/\\\/www.fruseassociati.it\\\/fr\\\/#website\"},\"primaryImageOfPage\":{\"@id\":\"https:\\\/\\\/www.fruseassociati.it\\\/fr\\\/les-professionnels\\\/andrea-buchicchio\\\/#primaryimage\"},\"image\":{\"@id\":\"https:\\\/\\\/www.fruseassociati.it\\\/fr\\\/les-professionnels\\\/andrea-buchicchio\\\/#primaryimage\"},\"thumbnailUrl\":\"https:\\\/\\\/www.fruseassociati.it\\\/wp-content\\\/uploads\\\/2021\\\/10\\\/A7303384-49d8be65-264w.webp\",\"datePublished\":\"2021-11-02T13:48:17+00:00\",\"dateModified\":\"2025-04-14T14:50:39+00:00\",\"breadcrumb\":{\"@id\":\"https:\\\/\\\/www.fruseassociati.it\\\/fr\\\/les-professionnels\\\/andrea-buchicchio\\\/#breadcrumb\"},\"inLanguage\":\"fr-FR\",\"potentialAction\":[{\"@type\":\"ReadAction\",\"target\":[\"https:\\\/\\\/www.fruseassociati.it\\\/fr\\\/les-professionnels\\\/andrea-buchicchio\\\/\"]}]},{\"@type\":\"ImageObject\",\"inLanguage\":\"fr-FR\",\"@id\":\"https:\\\/\\\/www.fruseassociati.it\\\/fr\\\/les-professionnels\\\/andrea-buchicchio\\\/#primaryimage\",\"url\":\"https:\\\/\\\/www.fruseassociati.it\\\/wp-content\\\/uploads\\\/2021\\\/10\\\/A7303384-49d8be65-264w.webp\",\"contentUrl\":\"https:\\\/\\\/www.fruseassociati.it\\\/wp-content\\\/uploads\\\/2021\\\/10\\\/A7303384-49d8be65-264w.webp\"},{\"@type\":\"BreadcrumbList\",\"@id\":\"https:\\\/\\\/www.fruseassociati.it\\\/fr\\\/les-professionnels\\\/andrea-buchicchio\\\/#breadcrumb\",\"itemListElement\":[{\"@type\":\"ListItem\",\"position\":1,\"name\":\"Home\",\"item\":\"https:\\\/\\\/www.fruseassociati.it\\\/fr\\\/\"},{\"@type\":\"ListItem\",\"position\":2,\"name\":\"Les professionnels\",\"item\":\"https:\\\/\\\/www.fruseassociati.it\\\/fr\\\/i-professionisti\\\/\"},{\"@type\":\"ListItem\",\"position\":3,\"name\":\"Andrea Buchicchio\"}]},{\"@type\":\"WebSite\",\"@id\":\"https:\\\/\\\/www.fruseassociati.it\\\/fr\\\/#website\",\"url\":\"https:\\\/\\\/www.fruseassociati.it\\\/fr\\\/\",\"name\":\"Studio Legale Frus\",\"description\":\"\",\"potentialAction\":[{\"@type\":\"SearchAction\",\"target\":{\"@type\":\"EntryPoint\",\"urlTemplate\":\"https:\\\/\\\/www.fruseassociati.it\\\/fr\\\/?s={search_term_string}\"},\"query-input\":{\"@type\":\"PropertyValueSpecification\",\"valueRequired\":true,\"valueName\":\"search_term_string\"}}],\"inLanguage\":\"fr-FR\"}]}<\/script>\n<!-- \/ Yoast SEO plugin. -->","yoast_head_json":{"title":"Andrea Buchicchio - Studio Legale Frus","robots":{"index":"index","follow":"follow","max-snippet":"max-snippet:-1","max-image-preview":"max-image-preview:large","max-video-preview":"max-video-preview:-1"},"canonical":"https:\/\/www.fruseassociati.it\/fr\/les-professionnels\/andrea-buchicchio\/","og_locale":"fr_FR","og_type":"article","og_title":"Andrea Buchicchio - Studio Legale Frus","og_description":"Avocat Andrea Buchicchio Avocat \u00e0 la Cour de Cassation andrea.buchicchio@studiolegalefrus.it T\u00e9l +39 011 56 20 257T\u00e9l +39 011 56 13 240T\u00e9l\u00e9copie +39 011 54 63 23 FORMATION: Universit\u00e9 de Turin, dipl\u00f4m\u00e9 en droitMembre du CSND &#8211; Centre National d\u2019\u00e9tudes du Droit du Travail Domenico Napoletano &#8211; de l&rsquo;Association italienne des sp\u00e9cialistes de la proc\u00e9dure civile, [&hellip;]","og_url":"https:\/\/www.fruseassociati.it\/fr\/les-professionnels\/andrea-buchicchio\/","og_site_name":"Studio Legale Frus","article_modified_time":"2025-04-14T14:50:39+00:00","og_image":[{"width":260,"height":338,"url":"https:\/\/www.fruseassociati.it\/wp-content\/uploads\/2021\/10\/A7303384-49d8be65-264w.webp","type":"image\/webp"}],"twitter_card":"summary_large_image","twitter_misc":{"Dur\u00e9e de lecture estim\u00e9e":"2 minutes"},"schema":{"@context":"https:\/\/schema.org","@graph":[{"@type":"WebPage","@id":"https:\/\/www.fruseassociati.it\/fr\/les-professionnels\/andrea-buchicchio\/","url":"https:\/\/www.fruseassociati.it\/fr\/les-professionnels\/andrea-buchicchio\/","name":"Andrea Buchicchio - Studio Legale Frus","isPartOf":{"@id":"https:\/\/www.fruseassociati.it\/fr\/#website"},"primaryImageOfPage":{"@id":"https:\/\/www.fruseassociati.it\/fr\/les-professionnels\/andrea-buchicchio\/#primaryimage"},"image":{"@id":"https:\/\/www.fruseassociati.it\/fr\/les-professionnels\/andrea-buchicchio\/#primaryimage"},"thumbnailUrl":"https:\/\/www.fruseassociati.it\/wp-content\/uploads\/2021\/10\/A7303384-49d8be65-264w.webp","datePublished":"2021-11-02T13:48:17+00:00","dateModified":"2025-04-14T14:50:39+00:00","breadcrumb":{"@id":"https:\/\/www.fruseassociati.it\/fr\/les-professionnels\/andrea-buchicchio\/#breadcrumb"},"inLanguage":"fr-FR","potentialAction":[{"@type":"ReadAction","target":["https:\/\/www.fruseassociati.it\/fr\/les-professionnels\/andrea-buchicchio\/"]}]},{"@type":"ImageObject","inLanguage":"fr-FR","@id":"https:\/\/www.fruseassociati.it\/fr\/les-professionnels\/andrea-buchicchio\/#primaryimage","url":"https:\/\/www.fruseassociati.it\/wp-content\/uploads\/2021\/10\/A7303384-49d8be65-264w.webp","contentUrl":"https:\/\/www.fruseassociati.it\/wp-content\/uploads\/2021\/10\/A7303384-49d8be65-264w.webp"},{"@type":"BreadcrumbList","@id":"https:\/\/www.fruseassociati.it\/fr\/les-professionnels\/andrea-buchicchio\/#breadcrumb","itemListElement":[{"@type":"ListItem","position":1,"name":"Home","item":"https:\/\/www.fruseassociati.it\/fr\/"},{"@type":"ListItem","position":2,"name":"Les professionnels","item":"https:\/\/www.fruseassociati.it\/fr\/i-professionisti\/"},{"@type":"ListItem","position":3,"name":"Andrea Buchicchio"}]},{"@type":"WebSite","@id":"https:\/\/www.fruseassociati.it\/fr\/#website","url":"https:\/\/www.fruseassociati.it\/fr\/","name":"Studio Legale Frus","description":"","potentialAction":[{"@type":"SearchAction","target":{"@type":"EntryPoint","urlTemplate":"https:\/\/www.fruseassociati.it\/fr\/?s={search_term_string}"},"query-input":{"@type":"PropertyValueSpecification","valueRequired":true,"valueName":"search_term_string"}}],"inLanguage":"fr-FR"}]}},"_links":{"self":[{"href":"https:\/\/www.fruseassociati.it\/fr\/wp-json\/wp\/v2\/pages\/705","targetHints":{"allow":["GET"]}}],"collection":[{"href":"https:\/\/www.fruseassociati.it\/fr\/wp-json\/wp\/v2\/pages"}],"about":[{"href":"https:\/\/www.fruseassociati.it\/fr\/wp-json\/wp\/v2\/types\/page"}],"author":[{"embeddable":true,"href":"https:\/\/www.fruseassociati.it\/fr\/wp-json\/wp\/v2\/users\/5"}],"replies":[{"embeddable":true,"href":"https:\/\/www.fruseassociati.it\/fr\/wp-json\/wp\/v2\/comments?post=705"}],"version-history":[{"count":12,"href":"https:\/\/www.fruseassociati.it\/fr\/wp-json\/wp\/v2\/pages\/705\/revisions"}],"predecessor-version":[{"id":2466,"href":"https:\/\/www.fruseassociati.it\/fr\/wp-json\/wp\/v2\/pages\/705\/revisions\/2466"}],"up":[{"embeddable":true,"href":"https:\/\/www.fruseassociati.it\/fr\/wp-json\/wp\/v2\/pages\/731"}],"wp:attachment":[{"href":"https:\/\/www.fruseassociati.it\/fr\/wp-json\/wp\/v2\/media?parent=705"}],"curies":[{"name":"wp","href":"https:\/\/api.w.org\/{rel}","templated":true}]}}