{"id":701,"date":"2021-11-02T14:31:35","date_gmt":"2021-11-02T13:31:35","guid":{"rendered":"https:\/\/studiofrus.archibuzz.tech\/actualites\/"},"modified":"2026-02-11T11:49:28","modified_gmt":"2026-02-11T10:49:28","slug":"actualites","status":"publish","type":"page","link":"https:\/\/www.fruseassociati.it\/fr\/actualites\/","title":{"rendered":"Actualit\u00e9s"},"content":{"rendered":"\t\t<div data-elementor-type=\"wp-page\" data-elementor-id=\"701\" class=\"elementor elementor-701 elementor-214\">\n\t\t\t\t\t\t<section class=\"elementor-section elementor-top-section elementor-element elementor-element-c2cd077 elementor-section-full_width elementor-section-height-min-height page-header elementor-section-height-default elementor-section-items-middle\" data-id=\"c2cd077\" data-element_type=\"section\" data-e-type=\"section\" data-settings=\"{&quot;background_background&quot;:&quot;classic&quot;}\">\n\t\t\t\t\t\t<div class=\"elementor-container elementor-column-gap-default\">\n\t\t\t\t\t<div class=\"elementor-column elementor-col-100 elementor-top-column elementor-element elementor-element-08e15fa\" data-id=\"08e15fa\" data-element_type=\"column\" data-e-type=\"column\">\n\t\t\t<div class=\"elementor-widget-wrap elementor-element-populated\">\n\t\t\t\t\t\t<section class=\"elementor-section elementor-inner-section elementor-element elementor-element-4d5d970 elementor-section-boxed elementor-section-height-default elementor-section-height-default\" data-id=\"4d5d970\" data-element_type=\"section\" data-e-type=\"section\">\n\t\t\t\t\t\t<div class=\"elementor-container elementor-column-gap-default\">\n\t\t\t\t\t<div class=\"elementor-column elementor-col-50 elementor-inner-column elementor-element elementor-element-57231c2\" data-id=\"57231c2\" data-element_type=\"column\" data-e-type=\"column\">\n\t\t\t<div class=\"elementor-widget-wrap elementor-element-populated\">\n\t\t\t\t\t\t<div class=\"elementor-element elementor-element-905c80e intro-cover-animated elementor-invisible elementor-widget elementor-widget-text-editor\" data-id=\"905c80e\" data-element_type=\"widget\" data-e-type=\"widget\" data-settings=\"{&quot;_animation&quot;:&quot;fadeInLeft&quot;}\" data-widget_type=\"text-editor.default\">\n\t\t\t\t<div class=\"elementor-widget-container\">\n\t\t\t\t\t\t\t\t\t<h1>Actualit\u00e9s dans le domaine juridique<\/h1>\n\t\t\t\t\t\t\t\t<\/div>\n\t\t\t\t<\/div>\n\t\t\t\t\t<\/div>\n\t\t<\/div>\n\t\t\t\t<div class=\"elementor-column elementor-col-50 elementor-inner-column elementor-element elementor-element-b59af95\" data-id=\"b59af95\" data-element_type=\"column\" data-e-type=\"column\">\n\t\t\t<div class=\"elementor-widget-wrap\">\n\t\t\t\t\t\t\t<\/div>\n\t\t<\/div>\n\t\t\t\t\t<\/div>\n\t\t<\/section>\n\t\t\t\t\t<\/div>\n\t\t<\/div>\n\t\t\t\t\t<\/div>\n\t\t<\/section>\n\t\t\t\t<section class=\"elementor-section elementor-top-section elementor-element elementor-element-1765523 elementor-section-boxed elementor-section-height-default elementor-section-height-default\" data-id=\"1765523\" data-element_type=\"section\" data-e-type=\"section\">\n\t\t\t\t\t\t<div class=\"elementor-container elementor-column-gap-default\">\n\t\t\t\t\t<div class=\"elementor-column elementor-col-100 elementor-top-column elementor-element elementor-element-2d81afd\" data-id=\"2d81afd\" data-element_type=\"column\" data-e-type=\"column\">\n\t\t\t<div class=\"elementor-widget-wrap elementor-element-populated\">\n\t\t\t\t\t\t<div class=\"elementor-element elementor-element-f9358b8 elementor-invisible elementor-widget elementor-widget-text-editor\" data-id=\"f9358b8\" data-element_type=\"widget\" data-e-type=\"widget\" data-settings=\"{&quot;_animation&quot;:&quot;fadeInLeft&quot;}\" data-widget_type=\"text-editor.default\">\n\t\t\t\t<div class=\"elementor-widget-container\">\n\t\t\t\t\t\t\t\t\t<p>Dans cette rubrique, vous pouvez consulter les programmes des conf\u00e9rences et des webinaires programm\u00e9s ou simplement organis\u00e9s par Frus e Associati, cabinet d&rsquo;avocats de Turin. Il s&rsquo;agit de rendez-vous p\u00e9riodiques r\u00e9serv\u00e9s aux professionnels des professions juridiques qui souhaitent se tenir inform\u00e9s, afin de proposer \u00e0 leurs clients des comp\u00e9tences toujours mises \u00e0 jour.<\/p>\n<p>Pour demander plus d&rsquo;informations et savoir comment y participer, n&rsquo;h\u00e9sitez pas \u00e0 nous contacter.<\/p>\n\t\t\t\t\t\t\t\t<\/div>\n\t\t\t\t<\/div>\n\t\t\t\t\t<\/div>\n\t\t<\/div>\n\t\t\t\t\t<\/div>\n\t\t<\/section>\n\t\t\t\t<section class=\"elementor-section elementor-top-section elementor-element elementor-element-656467e elementor-section-boxed elementor-section-height-default elementor-section-height-default elementor-invisible\" data-id=\"656467e\" data-element_type=\"section\" data-e-type=\"section\" data-settings=\"{&quot;animation&quot;:&quot;fadeInUp&quot;}\">\n\t\t\t\t\t\t<div class=\"elementor-container elementor-column-gap-default\">\n\t\t\t\t\t<div class=\"elementor-column elementor-col-100 elementor-top-column elementor-element elementor-element-b223f8a\" data-id=\"b223f8a\" data-element_type=\"column\" data-e-type=\"column\">\n\t\t\t<div class=\"elementor-widget-wrap elementor-element-populated\">\n\t\t\t\t\t\t<div class=\"elementor-element elementor-element-29e99e2 elementor-widget elementor-widget-elementskit-blog-posts\" data-id=\"29e99e2\" data-element_type=\"widget\" data-e-type=\"widget\" data-widget_type=\"elementskit-blog-posts.default\">\n\t\t\t\t<div class=\"elementor-widget-container\">\n\t\t\t\t\t<div class=\"ekit-wid-con\" >        <div id=\"post-items--29e99e2\" class=\"row post-items\">\n                    <div class=\"col-md-12\">\n\n                                    <div class=\"elementskit-blog-block-post\">\n                        <div class=\"row no-gutters\">\n                            \n                            <div class=\"col-md-12 order-2\">\n                                <div class=\"elementskit-post-body \">\n                                    <div class=\"elementskit-entry-header\">\n                                        \n                                                                                            \t\t\t\t\t                                            \n                                            \n                                                                                            \t\t\t\t<h2 class=\"entry-title\">\n\t\t\t\t\t<a href=\"https:\/\/www.fruseassociati.it\/fr\/la-prescription-du-droit-a-une-retraite-juste-pour-les-avocats-reflexions-critiques-en-marge-des-ordonnances-de-la-cour-de-cassation-n-32499-2025-et-34748-2025\/\">\n\t\t\t\t\t\tLA PRESCRIPTION DU DROIT \u00c0 UNE RETRAITE JUSTE POUR LES AVOCATS : R\u00c9FLEXIONS CRITIQUES EN MARGE DES ORDONNANCES DE LA COUR DE CASSATION N. 32499\/2025 ET 34748\/2025\t\t\t\t\t<\/a>\n\t\t\t\t<\/h2>\n\t\t\t                                                                                <\/div><!-- .elementskit-entry-header END -->\n\n                                                                            <div class=\"elementskit-post-footer\">\n                                                                                            <p>Les r\u00e9centes d\u00e9cisions de la Cour de cassation n. 32499\/2025 et 34748\/2025, rendues dans le cadre du litige g\u00e9n\u00e9ralis\u00e9 intent\u00e9 par les avocats contre la Caisse forense, ont confirm\u00e9 la prescription d\u00e9cennale du droit \u00e0 obtenir le recalcul de la pension. Selon les juges de l\u00e9galit\u00e9, le professionnel disposerait en effet, d\u00e8s le moment de [&hellip;]<\/p>\n                                                                                                                                <\/div><!-- .elementskit-post-footer END -->\n                                                                    <\/div><!-- .elementskit-post-body END -->\n                            <\/div>\n                        <\/div>\n                    <\/div><!-- .elementskit-blog-block-post .radius .gradient-bg END -->\n                \n            <\/div>\n                    <div class=\"col-md-12\">\n\n                                    <div class=\"elementskit-blog-block-post\">\n                        <div class=\"row no-gutters\">\n                            \n                            <div class=\"col-md-12 order-2\">\n                                <div class=\"elementskit-post-body \">\n                                    <div class=\"elementskit-entry-header\">\n                                        \n                                                                                            \t\t\t\t\t                                            \n                                            \n                                                                                            \t\t\t\t<h2 class=\"entry-title\">\n\t\t\t\t\t<a href=\"https:\/\/www.fruseassociati.it\/fr\/webinaire-le-smart-working-en-pratique-idees-et-outils-pour-bien-travailler-y-compris-a-distance\/\">\n\t\t\t\t\t\tWEBINAIRE \u00ab LE SMART WORKING EN PRATIQUE : ID\u00c9ES ET OUTILS POUR BIEN TRAVAILLER, Y COMPRIS \u00c0 DISTANCE\u00a0\u00bb\t\t\t\t\t<\/a>\n\t\t\t\t<\/h2>\n\t\t\t                                                                                <\/div><!-- .elementskit-entry-header END -->\n\n                                                                            <div class=\"elementskit-post-footer\">\n                                                                                            <p>17 giugno 2020, ore 16.00<\/p>\n                                                                                                                                <\/div><!-- .elementskit-post-footer END -->\n                                                                    <\/div><!-- .elementskit-post-body END -->\n                            <\/div>\n                        <\/div>\n                    <\/div><!-- .elementskit-blog-block-post .radius .gradient-bg END -->\n                \n            <\/div>\n                    <div class=\"col-md-12\">\n\n                                    <div class=\"elementskit-blog-block-post\">\n                        <div class=\"row no-gutters\">\n                            \n                            <div class=\"col-md-12 order-2\">\n                                <div class=\"elementskit-post-body \">\n                                    <div class=\"elementskit-entry-header\">\n                                        \n                                                                                            \t\t\t\t\t                                            \n                                            \n                                                                                            \t\t\t\t<h2 class=\"entry-title\">\n\t\t\t\t\t<a href=\"https:\/\/www.fruseassociati.it\/fr\/conference-de-droit-du-travail-c-o-tribunal-de-turin-la-discipline-des-licenciements-a-la-lumiere-du-decret-dignita-et-de-la-sentence-de-la-cour-constitutionnelle-194-2018\/\">\n\t\t\t\t\t\tCONF\u00c9RENCE DE DROIT DU TRAVAIL C\/O TRIBUNAL DE TURIN : LA DISCIPLINE DES LICENCIEMENTS \u00c0 LA LUMI\u00c8RE DU D\u00c9CRET \u00ab DIGNITA\u00a0\u00bb ET DE LA SENTENCE DE LA COUR CONSTITUTIONNELLE 194\/2018\t\t\t\t\t<\/a>\n\t\t\t\t<\/h2>\n\t\t\t                                                                                <\/div><!-- .elementskit-entry-header END -->\n\n                                                                            <div class=\"elementskit-post-footer\">\n                                                                                            <p>4 d\u00e9cembre 2019 M\u00eame en ce qui concerne la qualification de dirigeant, le droit du salari\u00e9 \u00e0 se voir attribuer la m\u00eame qualification, du fait de l&rsquo;exercice effectif des fonctions y aff\u00e9rent, ne peut \u00eatre exclu de la clause contractuelle qui pr\u00e9voit \u00e0 cet \u00e9gard la n\u00e9cessit\u00e9 d&rsquo;une reconnaissance formelle par l&#8217;employeur du travail, compte [&hellip;]<\/p>\n                                                                                                                                <\/div><!-- .elementskit-post-footer END -->\n                                                                    <\/div><!-- .elementskit-post-body END -->\n                            <\/div>\n                        <\/div>\n                    <\/div><!-- .elementskit-blog-block-post .radius .gradient-bg END -->\n                \n            <\/div>\n                    <div class=\"col-md-12\">\n\n                                    <div class=\"elementskit-blog-block-post\">\n                        <div class=\"row no-gutters\">\n                            \n                            <div class=\"col-md-12 order-2\">\n                                <div class=\"elementskit-post-body \">\n                                    <div class=\"elementskit-entry-header\">\n                                        \n                                                                                            \t\t\t\t\t                                            \n                                            \n                                                                                            \t\t\t\t<h2 class=\"entry-title\">\n\t\t\t\t\t<a href=\"https:\/\/www.fruseassociati.it\/fr\/le-nouvel-art-92-cpc-a-linitiative-du-conseil-legitime-la-compensation-non-discretionnaires-des-depenses\/\">\n\t\t\t\t\t\t\u00ab\u00a0LE NOUVEL ART. 92 CPC A L\u2019INITIATIVE DU CONSEIL :  L\u00c9GITIME LA COMPENSATION NON DISCR\u00c9TIONNAIRES DES D\u00c9PENSES ?\u00a0\u00bb\t\t\t\t\t<\/a>\n\t\t\t\t<\/h2>\n\t\t\t                                                                                <\/div><!-- .elementskit-entry-header END -->\n\n                                                                            <div class=\"elementskit-post-footer\">\n                                                                                            <p>DE AVV. CLAUDIO BECHIS Tribunal de Turin, 30 janvier 2016 &#8211; Ciocchetti Frais de justice &#8211; Indemnisation &#8211; Hypoth\u00e8se &#8211; Fiscalit\u00e9 &#8211; Pouvoir discr\u00e9tionnaire du juge &#8211; Inexistence &#8211; Violation des principes de raisonnabilit\u00e9 et d&rsquo;\u00e9galit\u00e9, du droit d&rsquo;intenter une action en justice et du principe de r\u00e9gularit\u00e9 de la proc\u00e9dure &#8211; Question de l\u00e9gitimit\u00e9 [&hellip;]<\/p>\n                                                                                                                                <\/div><!-- .elementskit-post-footer END -->\n                                                                    <\/div><!-- .elementskit-post-body END -->\n                            <\/div>\n                        <\/div>\n                    <\/div><!-- .elementskit-blog-block-post .radius .gradient-bg END -->\n                \n            <\/div>\n                    <div class=\"col-md-12\">\n\n                                    <div class=\"elementskit-blog-block-post\">\n                        <div class=\"row no-gutters\">\n                            \n                            <div class=\"col-md-12 order-2\">\n                                <div class=\"elementskit-post-body \">\n                                    <div class=\"elementskit-entry-header\">\n                                        \n                                                                                            \t\t\t\t\t                                            \n                                            \n                                                                                            \t\t\t\t<h2 class=\"entry-title\">\n\t\t\t\t\t<a href=\"https:\/\/www.fruseassociati.it\/fr\/cass-su-17989-de-2016-competence-territoriale-et-obligations-financieres\/\">\n\t\t\t\t\t\tCASS. SU 17989 DE 2016 &#8211; COMP\u00c9TENCE TERRITORIALE ET OBLIGATIONS FINANCI\u00c8RES\t\t\t\t\t<\/a>\n\t\t\t\t<\/h2>\n\t\t\t                                                                                <\/div><!-- .elementskit-entry-header END -->\n\n                                                                            <div class=\"elementskit-post-footer\">\n                                                                                            <p>Les Sections Unies de la Cour de Cassation r\u00e9solvent les conflits en mati\u00e8re de comp\u00e9tence territoriale dans l&rsquo;hypoth\u00e8se d&rsquo;obligations p\u00e9cuniaires en r\u00e9f\u00e9rence au forum destine solutionis. En r\u00e9sum\u00e9, les hermines adh\u00e8rent \u00e0 la th\u00e8se plus restrictive selon laquelle \u00ab les obligations p\u00e9cuniaires \u00e0 remplir au domicile du cr\u00e9ancier, selon les dispositions de l&rsquo;article 1182, troisi\u00e8me [&hellip;]<\/p>\n                                                                                                                                <\/div><!-- .elementskit-post-footer END -->\n                                                                    <\/div><!-- .elementskit-post-body END -->\n                            <\/div>\n                        <\/div>\n                    <\/div><!-- .elementskit-blog-block-post .radius .gradient-bg END -->\n                \n            <\/div>\n                    <div class=\"col-md-12\">\n\n                                    <div class=\"elementskit-blog-block-post\">\n                        <div class=\"row no-gutters\">\n                            \n                            <div class=\"col-md-12 order-2\">\n                                <div class=\"elementskit-post-body \">\n                                    <div class=\"elementskit-entry-header\">\n                                        \n                                                                                            \t\t\t\t\t                                            \n                                            \n                                                                                            \t\t\t\t<h2 class=\"entry-title\">\n\t\t\t\t\t<a href=\"https:\/\/www.fruseassociati.it\/fr\/nulle-la-clause-de-la-ccnl-qui-renvoie-a-linvestiture-formelle-de-lemployeur-lattribution-de-la-qualification-de-gestionnaire\/\">\n\t\t\t\t\t\tNULLE LA CLAUSE DE LA CCNL QUI RENVOIE \u00c0 L\u2019INVESTITURE FORMELLE DE L&rsquo;EMPLOYEUR L&rsquo;ATTRIBUTION DE LA QUALIFICATION DE GESTIONNAIRE.\t\t\t\t\t<\/a>\n\t\t\t\t<\/h2>\n\t\t\t                                                                                <\/div><!-- .elementskit-entry-header END -->\n\n                                                                            <div class=\"elementskit-post-footer\">\n                                                                                            <p>M\u00eame en ce qui concerne la qualification de dirigeant, le droit du salari\u00e9 \u00e0 se voir attribuer la m\u00eame qualification, du fait de l&rsquo;exercice effectif des fonctions y aff\u00e9rentes, ne peut \u00eatre exclu de la clause contractuelle qui pr\u00e9voit \u00e0 cet \u00e9gard la n\u00e9cessit\u00e9 d&rsquo;une reconnaissance formelle par l&#8217;employeur du travail, compte tenu de la [&hellip;]<\/p>\n                                                                                                                                <\/div><!-- .elementskit-post-footer END -->\n                                                                    <\/div><!-- .elementskit-post-body END -->\n                            <\/div>\n                        <\/div>\n                    <\/div><!-- .elementskit-blog-block-post .radius .gradient-bg END -->\n                \n            <\/div>\n                <\/div>\n       <\/div>\t\t\t\t<\/div>\n\t\t\t\t<\/div>\n\t\t\t\t\t<\/div>\n\t\t<\/div>\n\t\t\t\t\t<\/div>\n\t\t<\/section>\n\t\t\t\t<\/div>\n\t\t","protected":false},"excerpt":{"rendered":"<p>Actualit\u00e9s dans le domaine juridique Dans cette rubrique, vous pouvez consulter les programmes des conf\u00e9rences et des webinaires programm\u00e9s ou simplement organis\u00e9s par Frus e Associati, cabinet d&rsquo;avocats de Turin. Il s&rsquo;agit de rendez-vous p\u00e9riodiques r\u00e9serv\u00e9s aux professionnels des professions juridiques qui souhaitent se tenir inform\u00e9s, afin de proposer \u00e0 leurs clients des comp\u00e9tences toujours [&hellip;]<\/p>\n","protected":false},"author":5,"featured_media":0,"parent":0,"menu_order":0,"comment_status":"closed","ping_status":"closed","template":"fullwidth-no-container.php","meta":{"footnotes":""},"class_list":["post-701","page","type-page","status-publish","hentry"],"yoast_head":"<!-- This site is optimized with the Yoast SEO plugin v27.4 - https:\/\/yoast.com\/product\/yoast-seo-wordpress\/ -->\n<title>Cabinet d&#039;avocats \u00e0 Turin: Actualit\u00e9s | Frus e Associati Studio Legale<\/title>\n<meta name=\"description\" content=\"Frus e Associati, cabinet d&#039;avocats \u00e0 Turin, organise des conf\u00e9rences et des webinaires sur l&#039;actualit\u00e9 du monde du droit. Consultez les actualit\u00e9s.\" \/>\n<meta name=\"robots\" content=\"index, follow, max-snippet:-1, max-image-preview:large, max-video-preview:-1\" \/>\n<link rel=\"canonical\" href=\"https:\/\/www.fruseassociati.it\/fr\/actualites\/\" \/>\n<meta property=\"og:locale\" content=\"fr_FR\" \/>\n<meta property=\"og:type\" content=\"article\" \/>\n<meta property=\"og:title\" content=\"Cabinet d&#039;avocats \u00e0 Turin: Actualit\u00e9s | Frus e Associati Studio Legale\" \/>\n<meta property=\"og:description\" content=\"Frus e Associati, cabinet d&#039;avocats \u00e0 Turin, organise des conf\u00e9rences et des webinaires sur l&#039;actualit\u00e9 du monde du droit. Consultez les actualit\u00e9s.\" \/>\n<meta property=\"og:url\" content=\"https:\/\/www.fruseassociati.it\/fr\/actualites\/\" \/>\n<meta property=\"og:site_name\" content=\"Studio Legale Frus\" \/>\n<meta property=\"article:modified_time\" content=\"2026-02-11T10:49:28+00:00\" \/>\n<meta name=\"twitter:card\" content=\"summary_large_image\" \/>\n<meta name=\"twitter:label1\" content=\"Dur\u00e9e de lecture estim\u00e9e\" \/>\n\t<meta name=\"twitter:data1\" content=\"3 minutes\" \/>\n<script type=\"application\/ld+json\" class=\"yoast-schema-graph\">{\"@context\":\"https:\\\/\\\/schema.org\",\"@graph\":[{\"@type\":\"WebPage\",\"@id\":\"https:\\\/\\\/www.fruseassociati.it\\\/fr\\\/actualites\\\/\",\"url\":\"https:\\\/\\\/www.fruseassociati.it\\\/fr\\\/actualites\\\/\",\"name\":\"Cabinet d'avocats \u00e0 Turin: Actualit\u00e9s | Frus e Associati Studio Legale\",\"isPartOf\":{\"@id\":\"https:\\\/\\\/www.fruseassociati.it\\\/fr\\\/#website\"},\"datePublished\":\"2021-11-02T13:31:35+00:00\",\"dateModified\":\"2026-02-11T10:49:28+00:00\",\"description\":\"Frus e Associati, cabinet d'avocats \u00e0 Turin, organise des conf\u00e9rences et des webinaires sur l'actualit\u00e9 du monde du droit. Consultez les actualit\u00e9s.\",\"breadcrumb\":{\"@id\":\"https:\\\/\\\/www.fruseassociati.it\\\/fr\\\/actualites\\\/#breadcrumb\"},\"inLanguage\":\"fr-FR\",\"potentialAction\":[{\"@type\":\"ReadAction\",\"target\":[\"https:\\\/\\\/www.fruseassociati.it\\\/fr\\\/actualites\\\/\"]}]},{\"@type\":\"BreadcrumbList\",\"@id\":\"https:\\\/\\\/www.fruseassociati.it\\\/fr\\\/actualites\\\/#breadcrumb\",\"itemListElement\":[{\"@type\":\"ListItem\",\"position\":1,\"name\":\"Home\",\"item\":\"https:\\\/\\\/www.fruseassociati.it\\\/fr\\\/\"},{\"@type\":\"ListItem\",\"position\":2,\"name\":\"Actualit\u00e9s\"}]},{\"@type\":\"WebSite\",\"@id\":\"https:\\\/\\\/www.fruseassociati.it\\\/fr\\\/#website\",\"url\":\"https:\\\/\\\/www.fruseassociati.it\\\/fr\\\/\",\"name\":\"Studio Legale Frus\",\"description\":\"\",\"potentialAction\":[{\"@type\":\"SearchAction\",\"target\":{\"@type\":\"EntryPoint\",\"urlTemplate\":\"https:\\\/\\\/www.fruseassociati.it\\\/fr\\\/?s={search_term_string}\"},\"query-input\":{\"@type\":\"PropertyValueSpecification\",\"valueRequired\":true,\"valueName\":\"search_term_string\"}}],\"inLanguage\":\"fr-FR\"}]}<\/script>\n<!-- \/ Yoast SEO plugin. -->","yoast_head_json":{"title":"Cabinet d'avocats \u00e0 Turin: Actualit\u00e9s | Frus e Associati Studio Legale","description":"Frus e Associati, cabinet d'avocats \u00e0 Turin, organise des conf\u00e9rences et des webinaires sur l'actualit\u00e9 du monde du droit. Consultez les actualit\u00e9s.","robots":{"index":"index","follow":"follow","max-snippet":"max-snippet:-1","max-image-preview":"max-image-preview:large","max-video-preview":"max-video-preview:-1"},"canonical":"https:\/\/www.fruseassociati.it\/fr\/actualites\/","og_locale":"fr_FR","og_type":"article","og_title":"Cabinet d'avocats \u00e0 Turin: Actualit\u00e9s | Frus e Associati Studio Legale","og_description":"Frus e Associati, cabinet d'avocats \u00e0 Turin, organise des conf\u00e9rences et des webinaires sur l'actualit\u00e9 du monde du droit. Consultez les actualit\u00e9s.","og_url":"https:\/\/www.fruseassociati.it\/fr\/actualites\/","og_site_name":"Studio Legale Frus","article_modified_time":"2026-02-11T10:49:28+00:00","twitter_card":"summary_large_image","twitter_misc":{"Dur\u00e9e de lecture estim\u00e9e":"3 minutes"},"schema":{"@context":"https:\/\/schema.org","@graph":[{"@type":"WebPage","@id":"https:\/\/www.fruseassociati.it\/fr\/actualites\/","url":"https:\/\/www.fruseassociati.it\/fr\/actualites\/","name":"Cabinet d'avocats \u00e0 Turin: Actualit\u00e9s | Frus e Associati Studio Legale","isPartOf":{"@id":"https:\/\/www.fruseassociati.it\/fr\/#website"},"datePublished":"2021-11-02T13:31:35+00:00","dateModified":"2026-02-11T10:49:28+00:00","description":"Frus e Associati, cabinet d'avocats \u00e0 Turin, organise des conf\u00e9rences et des webinaires sur l'actualit\u00e9 du monde du droit. Consultez les actualit\u00e9s.","breadcrumb":{"@id":"https:\/\/www.fruseassociati.it\/fr\/actualites\/#breadcrumb"},"inLanguage":"fr-FR","potentialAction":[{"@type":"ReadAction","target":["https:\/\/www.fruseassociati.it\/fr\/actualites\/"]}]},{"@type":"BreadcrumbList","@id":"https:\/\/www.fruseassociati.it\/fr\/actualites\/#breadcrumb","itemListElement":[{"@type":"ListItem","position":1,"name":"Home","item":"https:\/\/www.fruseassociati.it\/fr\/"},{"@type":"ListItem","position":2,"name":"Actualit\u00e9s"}]},{"@type":"WebSite","@id":"https:\/\/www.fruseassociati.it\/fr\/#website","url":"https:\/\/www.fruseassociati.it\/fr\/","name":"Studio Legale Frus","description":"","potentialAction":[{"@type":"SearchAction","target":{"@type":"EntryPoint","urlTemplate":"https:\/\/www.fruseassociati.it\/fr\/?s={search_term_string}"},"query-input":{"@type":"PropertyValueSpecification","valueRequired":true,"valueName":"search_term_string"}}],"inLanguage":"fr-FR"}]}},"_links":{"self":[{"href":"https:\/\/www.fruseassociati.it\/fr\/wp-json\/wp\/v2\/pages\/701","targetHints":{"allow":["GET"]}}],"collection":[{"href":"https:\/\/www.fruseassociati.it\/fr\/wp-json\/wp\/v2\/pages"}],"about":[{"href":"https:\/\/www.fruseassociati.it\/fr\/wp-json\/wp\/v2\/types\/page"}],"author":[{"embeddable":true,"href":"https:\/\/www.fruseassociati.it\/fr\/wp-json\/wp\/v2\/users\/5"}],"replies":[{"embeddable":true,"href":"https:\/\/www.fruseassociati.it\/fr\/wp-json\/wp\/v2\/comments?post=701"}],"version-history":[{"count":14,"href":"https:\/\/www.fruseassociati.it\/fr\/wp-json\/wp\/v2\/pages\/701\/revisions"}],"predecessor-version":[{"id":3079,"href":"https:\/\/www.fruseassociati.it\/fr\/wp-json\/wp\/v2\/pages\/701\/revisions\/3079"}],"wp:attachment":[{"href":"https:\/\/www.fruseassociati.it\/fr\/wp-json\/wp\/v2\/media?parent=701"}],"curies":[{"name":"wp","href":"https:\/\/api.w.org\/{rel}","templated":true}]}}