{"id":674,"date":"2021-11-02T11:29:00","date_gmt":"2021-11-02T10:29:00","guid":{"rendered":"https:\/\/studiofrus.archibuzz.tech\/le-cabinet\/"},"modified":"2025-11-26T10:08:35","modified_gmt":"2025-11-26T09:08:35","slug":"le-cabinet","status":"publish","type":"page","link":"https:\/\/www.fruseassociati.it\/fr\/le-cabinet\/","title":{"rendered":"Le Cabinet"},"content":{"rendered":"\t\t<div data-elementor-type=\"wp-page\" data-elementor-id=\"674\" class=\"elementor elementor-674 elementor-66\">\n\t\t\t\t\t\t<section class=\"elementor-section elementor-top-section elementor-element elementor-element-cb318c9 elementor-section-full_width elementor-section-height-min-height page-header elementor-section-height-default elementor-section-items-middle\" data-id=\"cb318c9\" data-element_type=\"section\" data-e-type=\"section\" data-settings=\"{&quot;background_background&quot;:&quot;classic&quot;}\">\n\t\t\t\t\t\t<div class=\"elementor-container elementor-column-gap-default\">\n\t\t\t\t\t<div class=\"elementor-column elementor-col-100 elementor-top-column elementor-element elementor-element-c82adf7\" data-id=\"c82adf7\" data-element_type=\"column\" data-e-type=\"column\">\n\t\t\t<div class=\"elementor-widget-wrap elementor-element-populated\">\n\t\t\t\t\t\t<section class=\"elementor-section elementor-inner-section elementor-element elementor-element-2472d11 elementor-section-boxed elementor-section-height-default elementor-section-height-default\" data-id=\"2472d11\" data-element_type=\"section\" data-e-type=\"section\">\n\t\t\t\t\t\t<div class=\"elementor-container elementor-column-gap-default\">\n\t\t\t\t\t<div class=\"elementor-column elementor-col-50 elementor-inner-column elementor-element elementor-element-08449aa\" data-id=\"08449aa\" data-element_type=\"column\" data-e-type=\"column\">\n\t\t\t<div class=\"elementor-widget-wrap elementor-element-populated\">\n\t\t\t\t\t\t<div class=\"elementor-element elementor-element-eb211f9 intro-cover-animated elementor-invisible elementor-widget elementor-widget-text-editor\" data-id=\"eb211f9\" data-element_type=\"widget\" data-e-type=\"widget\" data-settings=\"{&quot;_animation&quot;:&quot;fadeInLeft&quot;}\" data-widget_type=\"text-editor.default\">\n\t\t\t\t<div class=\"elementor-widget-container\">\n\t\t\t\t\t\t\t\t\t<h1>Cabinet d&rsquo;avocats associ\u00e9s \u00e0 l&rsquo;exp\u00e9rience reconnue bas\u00e9 \u00e0 Turin et Milan<\/h1>\n\t\t\t\t\t\t\t\t<\/div>\n\t\t\t\t<\/div>\n\t\t\t\t\t<\/div>\n\t\t<\/div>\n\t\t\t\t<div class=\"elementor-column elementor-col-50 elementor-inner-column elementor-element elementor-element-2c44900\" data-id=\"2c44900\" data-element_type=\"column\" data-e-type=\"column\">\n\t\t\t<div class=\"elementor-widget-wrap\">\n\t\t\t\t\t\t\t<\/div>\n\t\t<\/div>\n\t\t\t\t\t<\/div>\n\t\t<\/section>\n\t\t\t\t\t<\/div>\n\t\t<\/div>\n\t\t\t\t\t<\/div>\n\t\t<\/section>\n\t\t\t\t<section class=\"elementor-section elementor-top-section elementor-element elementor-element-a1c2fdb elementor-section-boxed elementor-section-height-default elementor-section-height-default\" data-id=\"a1c2fdb\" data-element_type=\"section\" data-e-type=\"section\">\n\t\t\t\t\t\t<div class=\"elementor-container elementor-column-gap-default\">\n\t\t\t\t\t<div class=\"elementor-column elementor-col-50 elementor-top-column elementor-element elementor-element-56ce0cb elementor-invisible\" data-id=\"56ce0cb\" data-element_type=\"column\" data-e-type=\"column\" data-settings=\"{&quot;animation&quot;:&quot;fadeInLeft&quot;}\">\n\t\t\t<div class=\"elementor-widget-wrap elementor-element-populated\">\n\t\t\t\t\t\t<div class=\"elementor-element elementor-element-d14f305 h2-border elementor-widget elementor-widget-heading\" data-id=\"d14f305\" data-element_type=\"widget\" data-e-type=\"widget\" data-widget_type=\"heading.default\">\n\t\t\t\t<div class=\"elementor-widget-container\">\n\t\t\t\t\t<h2 class=\"elementor-heading-title elementor-size-default\">L'histoire du cabinet<\/h2>\t\t\t\t<\/div>\n\t\t\t\t<\/div>\n\t\t\t\t<div class=\"elementor-element elementor-element-df4a06d elementor-widget elementor-widget-text-editor\" data-id=\"df4a06d\" data-element_type=\"widget\" data-e-type=\"widget\" data-widget_type=\"text-editor.default\">\n\t\t\t\t<div class=\"elementor-widget-container\">\n\t\t\t\t\t\t\t\t\t<p>Le cabinet a \u00e9t\u00e9 fond\u00e9 en 1977 par l&rsquo;avocat Giorgio Frus.<\/p>\n<p>L&rsquo;avocat Andrea Buchicchio collabore avec lui depuis 1993, avec une expertise dans les domaines du droit du travail et de la s\u00e9curit\u00e9 sociale, du droit fiscal et du droit civil. Depuis 2013, l&rsquo;avocat Marco Frus a rejoint le cabinet apr\u00e8s une exp\u00e9rience significative acquise au sein d\u2019un autre cabinet d\u2019avocats de Turin, avec une expertise en droit du travail et droit commercial.<\/p>\n<p>De cette union est n\u00e9e, le 1er janvier 2015, l&rsquo;association professionnelle Frus e Associati.<\/p>\n<p>Les avocats Marco Russo, Daniela Fraschini, Claudio Bechis, Martina Comel, Cecilia Magliona, Giulia Losco et Giulia Mittica exercent \u00e9galement au sein de l&rsquo;association professionnelle, ainsi que les juristes Martina Quaglia, Ilaria Scivoli et Francesca D&rsquo;Altilia.<\/p>\n<p>Avec l&rsquo;association se poursuit, <em>of counsel<\/em>, la relation professionnelle avec les avocats Riccardo Michi et Laura Presti.<\/p>\n\t\t\t\t\t\t\t\t<\/div>\n\t\t\t\t<\/div>\n\t\t\t\t\t<\/div>\n\t\t<\/div>\n\t\t\t\t<div class=\"elementor-column elementor-col-50 elementor-top-column elementor-element elementor-element-0bd419f elementor-invisible\" data-id=\"0bd419f\" data-element_type=\"column\" data-e-type=\"column\" data-settings=\"{&quot;animation&quot;:&quot;fadeInRight&quot;}\">\n\t\t\t<div class=\"elementor-widget-wrap elementor-element-populated\">\n\t\t\t\t\t\t<div class=\"elementor-element elementor-element-66a189e elementor-widget elementor-widget-image\" data-id=\"66a189e\" data-element_type=\"widget\" data-e-type=\"widget\" data-widget_type=\"image.default\">\n\t\t\t\t<div class=\"elementor-widget-container\">\n\t\t\t\t\t\t\t\t\t\t\t\t\t\t\t<img fetchpriority=\"high\" decoding=\"async\" width=\"460\" height=\"606\" src=\"https:\/\/www.fruseassociati.it\/wp-content\/uploads\/2021\/10\/studio-page.png\" class=\"attachment-large size-large wp-image-601\" alt=\"\" srcset=\"https:\/\/www.fruseassociati.it\/wp-content\/uploads\/2021\/10\/studio-page.png 460w, https:\/\/www.fruseassociati.it\/wp-content\/uploads\/2021\/10\/studio-page-228x300.png 228w\" sizes=\"(max-width: 460px) 100vw, 460px\" \/>\t\t\t\t\t\t\t\t\t\t\t\t\t\t\t<\/div>\n\t\t\t\t<\/div>\n\t\t\t\t\t<\/div>\n\t\t<\/div>\n\t\t\t\t\t<\/div>\n\t\t<\/section>\n\t\t\t\t<section class=\"elementor-section elementor-top-section elementor-element elementor-element-fe70a63 elementor-section-boxed elementor-section-height-default elementor-section-height-default\" data-id=\"fe70a63\" data-element_type=\"section\" data-e-type=\"section\" data-settings=\"{&quot;background_background&quot;:&quot;classic&quot;}\">\n\t\t\t\t\t\t\t<div class=\"elementor-background-overlay\"><\/div>\n\t\t\t\t\t\t\t<div class=\"elementor-container elementor-column-gap-default\">\n\t\t\t\t\t<div class=\"elementor-column elementor-col-100 elementor-top-column elementor-element elementor-element-ca0677e\" data-id=\"ca0677e\" data-element_type=\"column\" data-e-type=\"column\">\n\t\t\t<div class=\"elementor-widget-wrap elementor-element-populated\">\n\t\t\t\t\t\t<div class=\"elementor-element elementor-element-2224c6d elementor-widget elementor-widget-heading\" data-id=\"2224c6d\" data-element_type=\"widget\" data-e-type=\"widget\" data-widget_type=\"heading.default\">\n\t\t\t\t<div class=\"elementor-widget-container\">\n\t\t\t\t\t<h2 class=\"elementor-heading-title elementor-size-default\">Notre Philosophie<\/h2>\t\t\t\t<\/div>\n\t\t\t\t<\/div>\n\t\t\t\t<div class=\"elementor-element elementor-element-e83ef9b elementor-widget-divider--view-line elementor-widget elementor-widget-divider\" data-id=\"e83ef9b\" data-element_type=\"widget\" data-e-type=\"widget\" data-widget_type=\"divider.default\">\n\t\t\t\t<div class=\"elementor-widget-container\">\n\t\t\t\t\t\t\t<div class=\"elementor-divider\">\n\t\t\t<span class=\"elementor-divider-separator\">\n\t\t\t\t\t\t<\/span>\n\t\t<\/div>\n\t\t\t\t\t\t<\/div>\n\t\t\t\t<\/div>\n\t\t\t\t<section class=\"elementor-section elementor-inner-section elementor-element elementor-element-e508fce filosofia-line elementor-section-boxed elementor-section-height-default elementor-section-height-default\" data-id=\"e508fce\" data-element_type=\"section\" data-e-type=\"section\">\n\t\t\t\t\t\t<div class=\"elementor-container elementor-column-gap-default\">\n\t\t\t\t\t<div class=\"elementor-column elementor-col-50 elementor-inner-column elementor-element elementor-element-3c0a1f0 elementor-invisible\" data-id=\"3c0a1f0\" data-element_type=\"column\" data-e-type=\"column\" data-settings=\"{&quot;animation&quot;:&quot;fadeInLeft&quot;}\">\n\t\t\t<div class=\"elementor-widget-wrap elementor-element-populated\">\n\t\t\t\t\t\t<div class=\"elementor-element elementor-element-5225140 elementor-widget elementor-widget-text-editor\" data-id=\"5225140\" data-element_type=\"widget\" data-e-type=\"widget\" data-widget_type=\"text-editor.default\">\n\t\t\t\t<div class=\"elementor-widget-container\">\n\t\t\t\t\t\t\t\t\t<p>Nous travaillons tous avec passion, conscients de la valeur de la confiance de nos clients. Nous op\u00e9rons en Italie et \u00e0 l&rsquo;\u00e9tranger, en nous d\u00e9pla\u00e7ant en personne ou en faisant appel, si n\u00e9cessaire, \u00e0 des coll\u00e8gues locaux de confiance. Des entreprises aux particuliers, chaque client est suivi par au moins deux professionnels, pour apporter des r\u00e9ponses en temps opportun et assurer une pr\u00e9sence continue tout au long de l&rsquo;ann\u00e9e. Nous garantissons au Client un engagement total pour des services de conseil et d&rsquo;assistance extrajudiciaires, ou pour la d\u00e9fense en justice ou en cas  d&rsquo;arbitrage, lorsque, en raison de l&rsquo;absence de solutions alternatives, le litige devient in\u00e9vitable.<\/p>\n\t\t\t\t\t\t\t\t<\/div>\n\t\t\t\t<\/div>\n\t\t\t\t\t<\/div>\n\t\t<\/div>\n\t\t\t\t<div class=\"elementor-column elementor-col-50 elementor-inner-column elementor-element elementor-element-72ee2b5 filosofia-col-dx elementor-invisible\" data-id=\"72ee2b5\" data-element_type=\"column\" data-e-type=\"column\" data-settings=\"{&quot;animation&quot;:&quot;fadeInRight&quot;}\">\n\t\t\t<div class=\"elementor-widget-wrap elementor-element-populated\">\n\t\t\t\t\t\t<div class=\"elementor-element elementor-element-51363e4 elementor-widget elementor-widget-text-editor\" data-id=\"51363e4\" data-element_type=\"widget\" data-e-type=\"widget\" data-widget_type=\"text-editor.default\">\n\t\t\t\t<div class=\"elementor-widget-container\">\n\t\t\t\t\t\t\t\t\t<p>Nous prenons en compte vos besoins et vos objectifs, pour vous proposer un service personnalis\u00e9 et calibr\u00e9 au cas par cas afin d&rsquo;optimiser les d\u00e9lais et les co\u00fbts. Nous mettons en \u00e9vidence les implications des choix effectu\u00e9s, nous vous informons en permanence sur l&rsquo;ex\u00e9cution de la mission et les d\u00e9penses s&rsquo;y r\u00e9f\u00e9rant et nous clarifions, avec transparence et rapidement, les doutes pouvant survenir sur tout aspect de la relation professionnelle.<\/p>\n\t\t\t\t\t\t\t\t<\/div>\n\t\t\t\t<\/div>\n\t\t\t\t\t<\/div>\n\t\t<\/div>\n\t\t\t\t\t<\/div>\n\t\t<\/section>\n\t\t\t\t\t<\/div>\n\t\t<\/div>\n\t\t\t\t\t<\/div>\n\t\t<\/section>\n\t\t\t\t<\/div>\n\t\t","protected":false},"excerpt":{"rendered":"<p>Cabinet d&rsquo;avocats associ\u00e9s \u00e0 l&rsquo;exp\u00e9rience reconnue bas\u00e9 \u00e0 Turin et Milan L&rsquo;histoire du cabinet Le cabinet a \u00e9t\u00e9 fond\u00e9 en 1977 par l&rsquo;avocat Giorgio Frus. L&rsquo;avocat Andrea Buchicchio collabore avec lui depuis 1993, avec une expertise dans les domaines du droit du travail et de la s\u00e9curit\u00e9 sociale, du droit fiscal et du droit civil. [&hellip;]<\/p>\n","protected":false},"author":5,"featured_media":0,"parent":0,"menu_order":0,"comment_status":"closed","ping_status":"closed","template":"fullwidth-no-container.php","meta":{"footnotes":""},"class_list":["post-674","page","type-page","status-publish","hentry"],"yoast_head":"<!-- This site is optimized with the Yoast SEO plugin v27.5 - https:\/\/yoast.com\/product\/yoast-seo-wordpress\/ -->\n<title>Equipe d&#039;avocats \u00e0 Turin et Milan | Frus e Associati Studio Legale<\/title>\n<meta name=\"description\" content=\"Frus e Associati Studio Legale: une \u00e9quipe d&#039;avocats \u00e0 Turin et Milan avec une longue exp\u00e9rience qualifi\u00e9e. En savoir plus sur notre cabinet de conseil.\" \/>\n<meta name=\"robots\" content=\"index, follow, max-snippet:-1, max-image-preview:large, max-video-preview:-1\" \/>\n<link rel=\"canonical\" href=\"https:\/\/www.fruseassociati.it\/fr\/le-cabinet\/\" \/>\n<meta property=\"og:locale\" content=\"fr_FR\" \/>\n<meta property=\"og:type\" content=\"article\" \/>\n<meta property=\"og:title\" content=\"Equipe d&#039;avocats \u00e0 Turin et Milan | Frus e Associati Studio Legale\" \/>\n<meta property=\"og:description\" content=\"Frus e Associati Studio Legale: une \u00e9quipe d&#039;avocats \u00e0 Turin et Milan avec une longue exp\u00e9rience qualifi\u00e9e. En savoir plus sur notre cabinet de conseil.\" \/>\n<meta property=\"og:url\" content=\"https:\/\/www.fruseassociati.it\/fr\/le-cabinet\/\" \/>\n<meta property=\"og:site_name\" content=\"Studio Legale Frus\" \/>\n<meta property=\"article:modified_time\" content=\"2025-11-26T09:08:35+00:00\" \/>\n<meta property=\"og:image\" content=\"https:\/\/www.fruseassociati.it\/wp-content\/uploads\/2021\/10\/studio-page.png\" \/>\n\t<meta property=\"og:image:width\" content=\"460\" \/>\n\t<meta property=\"og:image:height\" content=\"606\" \/>\n\t<meta property=\"og:image:type\" content=\"image\/png\" \/>\n<meta name=\"twitter:card\" content=\"summary_large_image\" \/>\n<meta name=\"twitter:label1\" content=\"Dur\u00e9e de lecture estim\u00e9e\" \/>\n\t<meta name=\"twitter:data1\" content=\"2 minutes\" \/>\n<script type=\"application\/ld+json\" class=\"yoast-schema-graph\">{\"@context\":\"https:\\\/\\\/schema.org\",\"@graph\":[{\"@type\":\"WebPage\",\"@id\":\"https:\\\/\\\/www.fruseassociati.it\\\/fr\\\/le-cabinet\\\/\",\"url\":\"https:\\\/\\\/www.fruseassociati.it\\\/fr\\\/le-cabinet\\\/\",\"name\":\"Equipe d'avocats \u00e0 Turin et Milan | Frus e Associati Studio Legale\",\"isPartOf\":{\"@id\":\"https:\\\/\\\/www.fruseassociati.it\\\/fr\\\/#website\"},\"primaryImageOfPage\":{\"@id\":\"https:\\\/\\\/www.fruseassociati.it\\\/fr\\\/le-cabinet\\\/#primaryimage\"},\"image\":{\"@id\":\"https:\\\/\\\/www.fruseassociati.it\\\/fr\\\/le-cabinet\\\/#primaryimage\"},\"thumbnailUrl\":\"https:\\\/\\\/www.fruseassociati.it\\\/wp-content\\\/uploads\\\/2021\\\/10\\\/studio-page.png\",\"datePublished\":\"2021-11-02T10:29:00+00:00\",\"dateModified\":\"2025-11-26T09:08:35+00:00\",\"description\":\"Frus e Associati Studio Legale: une \u00e9quipe d'avocats \u00e0 Turin et Milan avec une longue exp\u00e9rience qualifi\u00e9e. En savoir plus sur notre cabinet de conseil.\",\"breadcrumb\":{\"@id\":\"https:\\\/\\\/www.fruseassociati.it\\\/fr\\\/le-cabinet\\\/#breadcrumb\"},\"inLanguage\":\"fr-FR\",\"potentialAction\":[{\"@type\":\"ReadAction\",\"target\":[\"https:\\\/\\\/www.fruseassociati.it\\\/fr\\\/le-cabinet\\\/\"]}]},{\"@type\":\"ImageObject\",\"inLanguage\":\"fr-FR\",\"@id\":\"https:\\\/\\\/www.fruseassociati.it\\\/fr\\\/le-cabinet\\\/#primaryimage\",\"url\":\"https:\\\/\\\/www.fruseassociati.it\\\/wp-content\\\/uploads\\\/2021\\\/10\\\/studio-page.png\",\"contentUrl\":\"https:\\\/\\\/www.fruseassociati.it\\\/wp-content\\\/uploads\\\/2021\\\/10\\\/studio-page.png\"},{\"@type\":\"BreadcrumbList\",\"@id\":\"https:\\\/\\\/www.fruseassociati.it\\\/fr\\\/le-cabinet\\\/#breadcrumb\",\"itemListElement\":[{\"@type\":\"ListItem\",\"position\":1,\"name\":\"Home\",\"item\":\"https:\\\/\\\/www.fruseassociati.it\\\/fr\\\/\"},{\"@type\":\"ListItem\",\"position\":2,\"name\":\"Le Cabinet\"}]},{\"@type\":\"WebSite\",\"@id\":\"https:\\\/\\\/www.fruseassociati.it\\\/fr\\\/#website\",\"url\":\"https:\\\/\\\/www.fruseassociati.it\\\/fr\\\/\",\"name\":\"Studio Legale Frus\",\"description\":\"\",\"potentialAction\":[{\"@type\":\"SearchAction\",\"target\":{\"@type\":\"EntryPoint\",\"urlTemplate\":\"https:\\\/\\\/www.fruseassociati.it\\\/fr\\\/?s={search_term_string}\"},\"query-input\":{\"@type\":\"PropertyValueSpecification\",\"valueRequired\":true,\"valueName\":\"search_term_string\"}}],\"inLanguage\":\"fr-FR\"}]}<\/script>\n<!-- \/ Yoast SEO plugin. -->","yoast_head_json":{"title":"Equipe d'avocats \u00e0 Turin et Milan | Frus e Associati Studio Legale","description":"Frus e Associati Studio Legale: une \u00e9quipe d'avocats \u00e0 Turin et Milan avec une longue exp\u00e9rience qualifi\u00e9e. En savoir plus sur notre cabinet de conseil.","robots":{"index":"index","follow":"follow","max-snippet":"max-snippet:-1","max-image-preview":"max-image-preview:large","max-video-preview":"max-video-preview:-1"},"canonical":"https:\/\/www.fruseassociati.it\/fr\/le-cabinet\/","og_locale":"fr_FR","og_type":"article","og_title":"Equipe d'avocats \u00e0 Turin et Milan | Frus e Associati Studio Legale","og_description":"Frus e Associati Studio Legale: une \u00e9quipe d'avocats \u00e0 Turin et Milan avec une longue exp\u00e9rience qualifi\u00e9e. En savoir plus sur notre cabinet de conseil.","og_url":"https:\/\/www.fruseassociati.it\/fr\/le-cabinet\/","og_site_name":"Studio Legale Frus","article_modified_time":"2025-11-26T09:08:35+00:00","og_image":[{"width":460,"height":606,"url":"https:\/\/www.fruseassociati.it\/wp-content\/uploads\/2021\/10\/studio-page.png","type":"image\/png"}],"twitter_card":"summary_large_image","twitter_misc":{"Dur\u00e9e de lecture estim\u00e9e":"2 minutes"},"schema":{"@context":"https:\/\/schema.org","@graph":[{"@type":"WebPage","@id":"https:\/\/www.fruseassociati.it\/fr\/le-cabinet\/","url":"https:\/\/www.fruseassociati.it\/fr\/le-cabinet\/","name":"Equipe d'avocats \u00e0 Turin et Milan | Frus e Associati Studio Legale","isPartOf":{"@id":"https:\/\/www.fruseassociati.it\/fr\/#website"},"primaryImageOfPage":{"@id":"https:\/\/www.fruseassociati.it\/fr\/le-cabinet\/#primaryimage"},"image":{"@id":"https:\/\/www.fruseassociati.it\/fr\/le-cabinet\/#primaryimage"},"thumbnailUrl":"https:\/\/www.fruseassociati.it\/wp-content\/uploads\/2021\/10\/studio-page.png","datePublished":"2021-11-02T10:29:00+00:00","dateModified":"2025-11-26T09:08:35+00:00","description":"Frus e Associati Studio Legale: une \u00e9quipe d'avocats \u00e0 Turin et Milan avec une longue exp\u00e9rience qualifi\u00e9e. En savoir plus sur notre cabinet de conseil.","breadcrumb":{"@id":"https:\/\/www.fruseassociati.it\/fr\/le-cabinet\/#breadcrumb"},"inLanguage":"fr-FR","potentialAction":[{"@type":"ReadAction","target":["https:\/\/www.fruseassociati.it\/fr\/le-cabinet\/"]}]},{"@type":"ImageObject","inLanguage":"fr-FR","@id":"https:\/\/www.fruseassociati.it\/fr\/le-cabinet\/#primaryimage","url":"https:\/\/www.fruseassociati.it\/wp-content\/uploads\/2021\/10\/studio-page.png","contentUrl":"https:\/\/www.fruseassociati.it\/wp-content\/uploads\/2021\/10\/studio-page.png"},{"@type":"BreadcrumbList","@id":"https:\/\/www.fruseassociati.it\/fr\/le-cabinet\/#breadcrumb","itemListElement":[{"@type":"ListItem","position":1,"name":"Home","item":"https:\/\/www.fruseassociati.it\/fr\/"},{"@type":"ListItem","position":2,"name":"Le Cabinet"}]},{"@type":"WebSite","@id":"https:\/\/www.fruseassociati.it\/fr\/#website","url":"https:\/\/www.fruseassociati.it\/fr\/","name":"Studio Legale Frus","description":"","potentialAction":[{"@type":"SearchAction","target":{"@type":"EntryPoint","urlTemplate":"https:\/\/www.fruseassociati.it\/fr\/?s={search_term_string}"},"query-input":{"@type":"PropertyValueSpecification","valueRequired":true,"valueName":"search_term_string"}}],"inLanguage":"fr-FR"}]}},"_links":{"self":[{"href":"https:\/\/www.fruseassociati.it\/fr\/wp-json\/wp\/v2\/pages\/674","targetHints":{"allow":["GET"]}}],"collection":[{"href":"https:\/\/www.fruseassociati.it\/fr\/wp-json\/wp\/v2\/pages"}],"about":[{"href":"https:\/\/www.fruseassociati.it\/fr\/wp-json\/wp\/v2\/types\/page"}],"author":[{"embeddable":true,"href":"https:\/\/www.fruseassociati.it\/fr\/wp-json\/wp\/v2\/users\/5"}],"replies":[{"embeddable":true,"href":"https:\/\/www.fruseassociati.it\/fr\/wp-json\/wp\/v2\/comments?post=674"}],"version-history":[{"count":19,"href":"https:\/\/www.fruseassociati.it\/fr\/wp-json\/wp\/v2\/pages\/674\/revisions"}],"predecessor-version":[{"id":2804,"href":"https:\/\/www.fruseassociati.it\/fr\/wp-json\/wp\/v2\/pages\/674\/revisions\/2804"}],"wp:attachment":[{"href":"https:\/\/www.fruseassociati.it\/fr\/wp-json\/wp\/v2\/media?parent=674"}],"curies":[{"name":"wp","href":"https:\/\/api.w.org\/{rel}","templated":true}]}}